{"id":54,"date":"2023-03-08T13:21:37","date_gmt":"2023-03-08T12:21:37","guid":{"rendered":"https:\/\/seniorenzentrum-nordrach.winkelwaldgruppe.de\/?page_id=54"},"modified":"2024-09-09T11:45:25","modified_gmt":"2024-09-09T09:45:25","slug":"seniorenzentrum-nordrach","status":"publish","type":"page","link":"https:\/\/seniorenzentrum-nordrach.winkelwaldgruppe.de\/","title":{"rendered":"Startseite"},"content":{"rendered":"\t\t<div data-elementor-type=\"wp-page\" data-elementor-id=\"54\" class=\"elementor elementor-54\" data-elementor-post-type=\"page\">\n\t\t\t\t\t\t<section class=\"elementor-section elementor-top-section elementor-element elementor-element-e90fd50 elementor-section-full_width elementor-hidden-mobile elementor-section-height-default elementor-section-height-default\" data-id=\"e90fd50\" data-element_type=\"section\">\n\t\t\t\t\t\t<div class=\"elementor-container elementor-column-gap-no\">\n\t\t\t\t\t<div class=\"elementor-column elementor-col-100 elementor-top-column elementor-element elementor-element-b0dd0e1\" data-id=\"b0dd0e1\" data-element_type=\"column\">\n\t\t\t<div class=\"elementor-widget-wrap elementor-element-populated\">\n\t\t\t\t\t\t<div class=\"elementor-element elementor-element-83f03a6 elementor--h-position-left elementor--v-position-bottom elementor-arrows-position-inside elementor-pagination-position-inside elementor-widget elementor-widget-slides\" data-id=\"83f03a6\" data-element_type=\"widget\" data-settings=\"{&quot;navigation&quot;:&quot;both&quot;,&quot;infinite&quot;:&quot;yes&quot;,&quot;transition&quot;:&quot;slide&quot;,&quot;transition_speed&quot;:500}\" data-widget_type=\"slides.default\">\n\t\t\t\t<div class=\"elementor-widget-container\">\n\t\t\t<style>\/*! elementor-pro - v3.21.0 - 20-05-2024 *\/\n.elementor-slides .swiper-slide-bg{background-size:cover;background-position:50%;background-repeat:no-repeat;min-width:100%;min-height:100%}.elementor-slides .swiper-slide-inner{background-repeat:no-repeat;background-position:50%;position:absolute;top:0;left:0;bottom:0;right:0;padding:50px;margin:auto}.elementor-slides .swiper-slide-inner,.elementor-slides .swiper-slide-inner:hover{color:#fff;display:flex}.elementor-slides .swiper-slide-inner .elementor-background-overlay{position:absolute;z-index:0;top:0;bottom:0;left:0;right:0}.elementor-slides .swiper-slide-inner .elementor-slide-content{position:relative;z-index:1;width:100%}.elementor-slides .swiper-slide-inner .elementor-slide-heading{font-size:35px;font-weight:700;line-height:1}.elementor-slides .swiper-slide-inner .elementor-slide-description{font-size:17px;line-height:1.4}.elementor-slides .swiper-slide-inner .elementor-slide-description:not(:last-child),.elementor-slides .swiper-slide-inner .elementor-slide-heading:not(:last-child){margin-bottom:30px}.elementor-slides .swiper-slide-inner .elementor-slide-button{border:2px solid #fff;color:#fff;background:transparent;display:inline-block}.elementor-slides .swiper-slide-inner .elementor-slide-button,.elementor-slides .swiper-slide-inner .elementor-slide-button:hover{background:transparent;color:inherit;text-decoration:none}.elementor--v-position-top .swiper-slide-inner{align-items:flex-start}.elementor--v-position-bottom .swiper-slide-inner{align-items:flex-end}.elementor--v-position-middle .swiper-slide-inner{align-items:center}.elementor--h-position-left .swiper-slide-inner{justify-content:flex-start}.elementor--h-position-right .swiper-slide-inner{justify-content:flex-end}.elementor--h-position-center .swiper-slide-inner{justify-content:center}body.rtl .elementor-widget-slides .elementor-swiper-button-next{left:10px;right:auto}body.rtl .elementor-widget-slides .elementor-swiper-button-prev{right:10px;left:auto}.elementor-slides-wrapper div:not(.swiper-slide)>.swiper-slide-inner{display:none}@media (max-width:767px){.elementor-slides .swiper-slide-inner{padding:30px}.elementor-slides .swiper-slide-inner .elementor-slide-heading{font-size:23px;line-height:1;margin-bottom:15px}.elementor-slides .swiper-slide-inner .elementor-slide-description{font-size:13px;line-height:1.4;margin-bottom:15px}}<\/style>\t\t<div class=\"elementor-swiper\">\n\t\t\t<div class=\"elementor-slides-wrapper elementor-main-swiper swiper\" dir=\"ltr\" data-animation=\"fadeInUp\">\n\t\t\t\t<div class=\"swiper-wrapper elementor-slides\">\n\t\t\t\t\t\t\t\t\t\t<div class=\"elementor-repeater-item-f2a4d33 swiper-slide\"><div class=\"swiper-slide-bg\" role=\"img\"><\/div><div class=\"swiper-slide-inner\" ><div class=\"swiper-slide-contents\"><div class=\"elementor-slide-heading\">Herzlich Willkommen \"Seniorenzentrum am Winkelwald\"<\/div><\/div><\/div><\/div><div class=\"elementor-repeater-item-764c572 swiper-slide\"><div class=\"swiper-slide-bg\" role=\"img\"><\/div><div class=\"swiper-slide-inner\" ><div class=\"swiper-slide-contents\"><\/div><\/div><\/div><div class=\"elementor-repeater-item-3b76fa7 swiper-slide\"><div class=\"swiper-slide-bg\" role=\"img\"><\/div><div class=\"swiper-slide-inner\" ><div class=\"swiper-slide-contents\"><\/div><\/div><\/div><div class=\"elementor-repeater-item-bb8ff45 swiper-slide\"><div class=\"swiper-slide-bg\" role=\"img\"><\/div><div class=\"swiper-slide-inner\" ><div class=\"swiper-slide-contents\"><\/div><\/div><\/div>\t\t\t\t<\/div>\n\t\t\t\t\t\t\t\t\t\t\t\t\t\t\t<div class=\"swiper-pagination\"><\/div>\n\t\t\t\t\t\t\t\t\t\t\t\t\t\t\t\t<div class=\"elementor-swiper-button elementor-swiper-button-prev\" role=\"button\" tabindex=\"0\">\n\t\t\t\t\t\t\t<i aria-hidden=\"true\" class=\"eicon-chevron-left\"><\/i>\t\t\t\t\t\t\t<span class=\"elementor-screen-only\">Vorheriger Slide<\/span>\n\t\t\t\t\t\t<\/div>\n\t\t\t\t\t\t<div class=\"elementor-swiper-button elementor-swiper-button-next\" role=\"button\" tabindex=\"0\">\n\t\t\t\t\t\t\t<i aria-hidden=\"true\" class=\"eicon-chevron-right\"><\/i>\t\t\t\t\t\t\t<span class=\"elementor-screen-only\">N\u00e4chster Slide<\/span>\n\t\t\t\t\t\t<\/div>\n\t\t\t\t\t\t\t\t\t\t\t\t<\/div>\n\t\t<\/div>\n\t\t\t\t<\/div>\n\t\t\t\t<\/div>\n\t\t\t\t\t<\/div>\n\t\t<\/div>\n\t\t\t\t\t<\/div>\n\t\t<\/section>\n\t\t<div class=\"elementor-element elementor-element-2f78d76 elementor-hidden-desktop elementor-hidden-tablet e-flex e-con-boxed e-con e-parent\" data-id=\"2f78d76\" data-element_type=\"container\">\n\t\t\t\t\t<div class=\"e-con-inner\">\n\t\t\t\t<div class=\"elementor-element elementor-element-d323c3c elementor--v-position-bottom elementor-hidden-desktop elementor-hidden-tablet elementor--h-position-center elementor-arrows-position-inside elementor-pagination-position-inside elementor-widget elementor-widget-slides\" data-id=\"d323c3c\" data-element_type=\"widget\" data-settings=\"{&quot;navigation&quot;:&quot;both&quot;,&quot;infinite&quot;:&quot;yes&quot;,&quot;transition&quot;:&quot;slide&quot;,&quot;transition_speed&quot;:500}\" data-widget_type=\"slides.default\">\n\t\t\t\t<div class=\"elementor-widget-container\">\n\t\t\t\t\t<div class=\"elementor-swiper\">\n\t\t\t<div class=\"elementor-slides-wrapper elementor-main-swiper swiper\" dir=\"ltr\" data-animation=\"fadeInUp\">\n\t\t\t\t<div class=\"swiper-wrapper elementor-slides\">\n\t\t\t\t\t\t\t\t\t\t<div class=\"elementor-repeater-item-81be056 swiper-slide\"><div class=\"swiper-slide-bg\" role=\"img\"><\/div><div class=\"swiper-slide-inner\" ><div class=\"swiper-slide-contents\"><div class=\"elementor-slide-heading\">Herzlich Willkommen<\/div><\/div><\/div><\/div><div class=\"elementor-repeater-item-3b0d145 swiper-slide\"><div class=\"swiper-slide-bg\" role=\"img\"><\/div><div class=\"swiper-slide-inner\" ><div class=\"swiper-slide-contents\"><\/div><\/div><\/div><div class=\"elementor-repeater-item-095d452 swiper-slide\"><div class=\"swiper-slide-bg\" role=\"img\"><\/div><div class=\"swiper-slide-inner\" ><div class=\"swiper-slide-contents\"><\/div><\/div><\/div><div class=\"elementor-repeater-item-1a18893 swiper-slide\"><div class=\"swiper-slide-bg\" role=\"img\"><\/div><div class=\"swiper-slide-inner\" ><div class=\"swiper-slide-contents\"><\/div><\/div><\/div>\t\t\t\t<\/div>\n\t\t\t\t\t\t\t\t\t\t\t\t\t\t\t<div class=\"swiper-pagination\"><\/div>\n\t\t\t\t\t\t\t\t\t\t\t\t\t\t\t\t<div class=\"elementor-swiper-button elementor-swiper-button-prev\" role=\"button\" tabindex=\"0\">\n\t\t\t\t\t\t\t<i aria-hidden=\"true\" class=\"eicon-chevron-left\"><\/i>\t\t\t\t\t\t\t<span class=\"elementor-screen-only\">Vorheriger Slide<\/span>\n\t\t\t\t\t\t<\/div>\n\t\t\t\t\t\t<div class=\"elementor-swiper-button elementor-swiper-button-next\" role=\"button\" tabindex=\"0\">\n\t\t\t\t\t\t\t<i aria-hidden=\"true\" class=\"eicon-chevron-right\"><\/i>\t\t\t\t\t\t\t<span class=\"elementor-screen-only\">N\u00e4chster Slide<\/span>\n\t\t\t\t\t\t<\/div>\n\t\t\t\t\t\t\t\t\t\t\t\t<\/div>\n\t\t<\/div>\n\t\t\t\t<\/div>\n\t\t\t\t<\/div>\n\t\t\t\t\t<\/div>\n\t\t\t\t<\/div>\n\t\t\t\t<section class=\"elementor-section elementor-top-section elementor-element elementor-element-604c3dc elementor-section-boxed elementor-section-height-default elementor-section-height-default\" data-id=\"604c3dc\" data-element_type=\"section\">\n\t\t\t\t\t\t<div class=\"elementor-container elementor-column-gap-default\">\n\t\t\t\t\t<div class=\"elementor-column elementor-col-50 elementor-top-column elementor-element elementor-element-406179f\" data-id=\"406179f\" data-element_type=\"column\" data-settings=\"{&quot;background_background&quot;:&quot;classic&quot;}\">\n\t\t\t<div class=\"elementor-widget-wrap elementor-element-populated\">\n\t\t\t\t\t\t<div class=\"elementor-element elementor-element-e371576 elementor-widget elementor-widget-spacer\" data-id=\"e371576\" data-element_type=\"widget\" data-widget_type=\"spacer.default\">\n\t\t\t\t<div class=\"elementor-widget-container\">\n\t\t\t<style>\/*! elementor - v3.21.0 - 26-05-2024 *\/\n.elementor-column .elementor-spacer-inner{height:var(--spacer-size)}.e-con{--container-widget-width:100%}.e-con-inner>.elementor-widget-spacer,.e-con>.elementor-widget-spacer{width:var(--container-widget-width,var(--spacer-size));--align-self:var(--container-widget-align-self,initial);--flex-shrink:0}.e-con-inner>.elementor-widget-spacer>.elementor-widget-container,.e-con>.elementor-widget-spacer>.elementor-widget-container{height:100%;width:100%}.e-con-inner>.elementor-widget-spacer>.elementor-widget-container>.elementor-spacer,.e-con>.elementor-widget-spacer>.elementor-widget-container>.elementor-spacer{height:100%}.e-con-inner>.elementor-widget-spacer>.elementor-widget-container>.elementor-spacer>.elementor-spacer-inner,.e-con>.elementor-widget-spacer>.elementor-widget-container>.elementor-spacer>.elementor-spacer-inner{height:var(--container-widget-height,var(--spacer-size))}.e-con-inner>.elementor-widget-spacer.elementor-widget-empty,.e-con>.elementor-widget-spacer.elementor-widget-empty{position:relative;min-height:22px;min-width:22px}.e-con-inner>.elementor-widget-spacer.elementor-widget-empty .elementor-widget-empty-icon,.e-con>.elementor-widget-spacer.elementor-widget-empty .elementor-widget-empty-icon{position:absolute;top:0;bottom:0;left:0;right:0;margin:auto;padding:0;width:22px;height:22px}<\/style>\t\t<div class=\"elementor-spacer\">\n\t\t\t<div class=\"elementor-spacer-inner\"><\/div>\n\t\t<\/div>\n\t\t\t\t<\/div>\n\t\t\t\t<\/div>\n\t\t\t\t<div class=\"elementor-element elementor-element-86d2124 elementor-widget elementor-widget-heading\" data-id=\"86d2124\" data-element_type=\"widget\" data-widget_type=\"heading.default\">\n\t\t\t\t<div class=\"elementor-widget-container\">\n\t\t\t<style>\/*! elementor - v3.21.0 - 26-05-2024 *\/\n.elementor-heading-title{padding:0;margin:0;line-height:1}.elementor-widget-heading .elementor-heading-title[class*=elementor-size-]>a{color:inherit;font-size:inherit;line-height:inherit}.elementor-widget-heading .elementor-heading-title.elementor-size-small{font-size:15px}.elementor-widget-heading .elementor-heading-title.elementor-size-medium{font-size:19px}.elementor-widget-heading .elementor-heading-title.elementor-size-large{font-size:29px}.elementor-widget-heading .elementor-heading-title.elementor-size-xl{font-size:39px}.elementor-widget-heading .elementor-heading-title.elementor-size-xxl{font-size:59px}<\/style><h2 class=\"elementor-heading-title elementor-size-default\">\"Leistungen\"\n<\/h2>\t\t<\/div>\n\t\t\t\t<\/div>\n\t\t\t\t<div class=\"elementor-element elementor-element-e83b1f1 elementor-widget elementor-widget-text-editor\" data-id=\"e83b1f1\" data-element_type=\"widget\" data-widget_type=\"text-editor.default\">\n\t\t\t\t<div class=\"elementor-widget-container\">\n\t\t\t<style>\/*! elementor - v3.21.0 - 26-05-2024 *\/\n.elementor-widget-text-editor.elementor-drop-cap-view-stacked .elementor-drop-cap{background-color:#69727d;color:#fff}.elementor-widget-text-editor.elementor-drop-cap-view-framed .elementor-drop-cap{color:#69727d;border:3px solid;background-color:transparent}.elementor-widget-text-editor:not(.elementor-drop-cap-view-default) .elementor-drop-cap{margin-top:8px}.elementor-widget-text-editor:not(.elementor-drop-cap-view-default) .elementor-drop-cap-letter{width:1em;height:1em}.elementor-widget-text-editor .elementor-drop-cap{float:left;text-align:center;line-height:1;font-size:50px}.elementor-widget-text-editor .elementor-drop-cap-letter{display:inline-block}<\/style>\t\t\t\t<p>Langzeitpflege, Kurzzeitpflege<br \/><br \/><\/p>\t\t\t\t\t\t<\/div>\n\t\t\t\t<\/div>\n\t\t\t\t<div class=\"elementor-element elementor-element-813d1bd elementor-align-center elementor-widget elementor-widget-button\" data-id=\"813d1bd\" data-element_type=\"widget\" data-widget_type=\"button.default\">\n\t\t\t\t<div class=\"elementor-widget-container\">\n\t\t\t\t\t<div class=\"elementor-button-wrapper\">\n\t\t\t<a class=\"elementor-button elementor-button-link elementor-size-sm\" href=\"#leistungen\">\n\t\t\t\t\t\t<span class=\"elementor-button-content-wrapper\">\n\t\t\t\t\t\t\t\t\t<span class=\"elementor-button-text\">Hier Klicken<\/span>\n\t\t\t\t\t<\/span>\n\t\t\t\t\t<\/a>\n\t\t<\/div>\n\t\t\t\t<\/div>\n\t\t\t\t<\/div>\n\t\t\t\t\t<\/div>\n\t\t<\/div>\n\t\t\t\t<div class=\"elementor-column elementor-col-50 elementor-top-column elementor-element elementor-element-857d063\" data-id=\"857d063\" data-element_type=\"column\" data-settings=\"{&quot;background_background&quot;:&quot;classic&quot;}\">\n\t\t\t<div class=\"elementor-widget-wrap elementor-element-populated\">\n\t\t\t\t\t\t<div class=\"elementor-element elementor-element-5ecec23 elementor-widget elementor-widget-spacer\" data-id=\"5ecec23\" data-element_type=\"widget\" data-widget_type=\"spacer.default\">\n\t\t\t\t<div class=\"elementor-widget-container\">\n\t\t\t\t\t<div class=\"elementor-spacer\">\n\t\t\t<div class=\"elementor-spacer-inner\"><\/div>\n\t\t<\/div>\n\t\t\t\t<\/div>\n\t\t\t\t<\/div>\n\t\t\t\t<div class=\"elementor-element elementor-element-6f59d7a elementor-widget elementor-widget-heading\" data-id=\"6f59d7a\" data-element_type=\"widget\" data-widget_type=\"heading.default\">\n\t\t\t\t<div class=\"elementor-widget-container\">\n\t\t\t<h2 class=\"elementor-heading-title elementor-size-default\">\"Karriere\" \n<\/h2>\t\t<\/div>\n\t\t\t\t<\/div>\n\t\t\t\t<div class=\"elementor-element elementor-element-840b8ea elementor-widget elementor-widget-text-editor\" data-id=\"840b8ea\" data-element_type=\"widget\" data-widget_type=\"text-editor.default\">\n\t\t\t\t<div class=\"elementor-widget-container\">\n\t\t\t\t\t\t\t<p>Mit uns finden Sie den Weg\u00a0<br \/><span style=\"color: var( --e-global-color-235d909 ); background-color: var( --e-global-color-primary );\">zum Erfolg<\/span><\/p>\t\t\t\t\t\t<\/div>\n\t\t\t\t<\/div>\n\t\t\t\t<div class=\"elementor-element elementor-element-db76416 elementor-align-center elementor-widget elementor-widget-button\" data-id=\"db76416\" data-element_type=\"widget\" data-widget_type=\"button.default\">\n\t\t\t\t<div class=\"elementor-widget-container\">\n\t\t\t\t\t<div class=\"elementor-button-wrapper\">\n\t\t\t<a class=\"elementor-button elementor-button-link elementor-size-sm\" href=\"https:\/\/winkelwaldgruppe.de\/karriere\/?taetigkeitsbereich=pflege&#038;standort=nordrach\" target=\"_blank\">\n\t\t\t\t\t\t<span class=\"elementor-button-content-wrapper\">\n\t\t\t\t\t\t\t\t\t<span class=\"elementor-button-text\">Hier Klicken<\/span>\n\t\t\t\t\t<\/span>\n\t\t\t\t\t<\/a>\n\t\t<\/div>\n\t\t\t\t<\/div>\n\t\t\t\t<\/div>\n\t\t\t\t\t<\/div>\n\t\t<\/div>\n\t\t\t\t\t<\/div>\n\t\t<\/section>\n\t\t\t\t<section class=\"elementor-section elementor-top-section elementor-element elementor-element-382aae5 elementor-section-boxed elementor-section-height-default elementor-section-height-default\" data-id=\"382aae5\" data-element_type=\"section\">\n\t\t\t\t\t\t<div class=\"elementor-container elementor-column-gap-default\">\n\t\t\t\t\t<div class=\"elementor-column elementor-col-100 elementor-top-column elementor-element elementor-element-ff4f541\" data-id=\"ff4f541\" data-element_type=\"column\">\n\t\t\t<div class=\"elementor-widget-wrap elementor-element-populated\">\n\t\t\t\t\t\t<div class=\"elementor-element elementor-element-2329ccd elementor-widget elementor-widget-spacer\" data-id=\"2329ccd\" data-element_type=\"widget\" data-widget_type=\"spacer.default\">\n\t\t\t\t<div class=\"elementor-widget-container\">\n\t\t\t\t\t<div class=\"elementor-spacer\">\n\t\t\t<div class=\"elementor-spacer-inner\"><\/div>\n\t\t<\/div>\n\t\t\t\t<\/div>\n\t\t\t\t<\/div>\n\t\t\t\t<div class=\"elementor-element elementor-element-78954c7 elementor-widget elementor-widget-heading\" data-id=\"78954c7\" data-element_type=\"widget\" data-widget_type=\"heading.default\">\n\t\t\t\t<div class=\"elementor-widget-container\">\n\t\t\t<h2 class=\"elementor-heading-title elementor-size-xl\">Gut versorgt in Nordrach!<\/h2>\t\t<\/div>\n\t\t\t\t<\/div>\n\t\t\t\t<div class=\"elementor-element elementor-element-ab53f5b elementor-widget elementor-widget-text-editor\" data-id=\"ab53f5b\" data-element_type=\"widget\" data-widget_type=\"text-editor.default\">\n\t\t\t\t<div class=\"elementor-widget-container\">\n\t\t\t\t\t\t\tDas <span style=\"color: #00a9e8;\">Pflegeheim<\/span> hat eine direkte Anbindung an die <span style=\"color: #ec7109;\">Winkelwaldklinik<\/span>. Hier bieten sich Entspannungsm\u00f6glichkeiten im Wald und traumhafte Naturaussichten. Als Luftkurort ist das Gebiet ideal f\u00fcr Bewohner, Besucher und Mitarbeiter. Dies macht das neue Pflegeheim zu einem erstklassigen Standort.\t\t\t\t\t\t<\/div>\n\t\t\t\t<\/div>\n\t\t\t\t\t<\/div>\n\t\t<\/div>\n\t\t\t\t\t<\/div>\n\t\t<\/section>\n\t\t\t\t<section class=\"elementor-section elementor-top-section elementor-element elementor-element-853ef7e elementor-section-boxed elementor-section-height-default elementor-section-height-default\" data-id=\"853ef7e\" data-element_type=\"section\">\n\t\t\t\t\t\t<div class=\"elementor-container elementor-column-gap-default\">\n\t\t\t\t\t<div class=\"elementor-column elementor-col-100 elementor-top-column elementor-element elementor-element-27b539a\" data-id=\"27b539a\" data-element_type=\"column\">\n\t\t\t<div class=\"elementor-widget-wrap elementor-element-populated\">\n\t\t\t\t\t\t<div class=\"elementor-element elementor-element-ab64f0a elementor-widget elementor-widget-image\" data-id=\"ab64f0a\" data-element_type=\"widget\" data-widget_type=\"image.default\">\n\t\t\t\t<div class=\"elementor-widget-container\">\n\t\t\t<style>\/*! elementor - v3.21.0 - 26-05-2024 *\/\n.elementor-widget-image{text-align:center}.elementor-widget-image a{display:inline-block}.elementor-widget-image a img[src$=\".svg\"]{width:48px}.elementor-widget-image img{vertical-align:middle;display:inline-block}<\/style>\t\t\t\t\t\t\t\t\t\t<img fetchpriority=\"high\" decoding=\"async\" width=\"2048\" height=\"629\" src=\"https:\/\/seniorenzentrum-nordrach.winkelwaldgruppe.de\/wp-content\/uploads\/sites\/4\/2023\/03\/PflegeInNordrach-Kopie-2048x629.png\" class=\"attachment-2048x2048 size-2048x2048 wp-image-191\" alt=\"\" srcset=\"https:\/\/seniorenzentrum-nordrach.winkelwaldgruppe.de\/wp-content\/uploads\/sites\/4\/2023\/03\/PflegeInNordrach-Kopie-2048x629.png 2048w, https:\/\/seniorenzentrum-nordrach.winkelwaldgruppe.de\/wp-content\/uploads\/sites\/4\/2023\/03\/PflegeInNordrach-Kopie-300x92.png 300w, https:\/\/seniorenzentrum-nordrach.winkelwaldgruppe.de\/wp-content\/uploads\/sites\/4\/2023\/03\/PflegeInNordrach-Kopie-1024x315.png 1024w, https:\/\/seniorenzentrum-nordrach.winkelwaldgruppe.de\/wp-content\/uploads\/sites\/4\/2023\/03\/PflegeInNordrach-Kopie-768x236.png 768w, https:\/\/seniorenzentrum-nordrach.winkelwaldgruppe.de\/wp-content\/uploads\/sites\/4\/2023\/03\/PflegeInNordrach-Kopie-1536x472.png 1536w\" sizes=\"(max-width: 2048px) 100vw, 2048px\" \/>\t\t\t\t\t\t\t\t\t\t\t\t\t<\/div>\n\t\t\t\t<\/div>\n\t\t\t\t\t<\/div>\n\t\t<\/div>\n\t\t\t\t\t<\/div>\n\t\t<\/section>\n\t\t\t\t<section class=\"elementor-section elementor-top-section elementor-element elementor-element-8419905 elementor-section-full_width elementor-section-height-default elementor-section-height-default\" data-id=\"8419905\" data-element_type=\"section\">\n\t\t\t\t\t\t<div class=\"elementor-container elementor-column-gap-default\">\n\t\t\t\t\t<div class=\"elementor-column elementor-col-100 elementor-top-column elementor-element elementor-element-95dad7c\" data-id=\"95dad7c\" data-element_type=\"column\">\n\t\t\t<div class=\"elementor-widget-wrap elementor-element-populated\">\n\t\t\t\t\t\t<div class=\"elementor-element elementor-element-f37a3a3 elementor-widget elementor-widget-video\" data-id=\"f37a3a3\" data-element_type=\"widget\" data-widget_type=\"video.default\">\n\t\t\t\t<div class=\"elementor-widget-container\">\n\t\t\t<style>\/*! elementor - v3.21.0 - 26-05-2024 *\/\n.elementor-widget-video .elementor-widget-container{overflow:hidden;transform:translateZ(0)}.elementor-widget-video .elementor-wrapper{aspect-ratio:var(--video-aspect-ratio)}.elementor-widget-video .elementor-wrapper iframe,.elementor-widget-video .elementor-wrapper video{height:100%;width:100%;display:flex;border:none;background-color:#000}@supports not (aspect-ratio:1\/1){.elementor-widget-video .elementor-wrapper{position:relative;overflow:hidden;height:0;padding-bottom:calc(100% \/ var(--video-aspect-ratio))}.elementor-widget-video .elementor-wrapper iframe,.elementor-widget-video .elementor-wrapper video{position:absolute;top:0;right:0;bottom:0;left:0}}.elementor-widget-video .elementor-open-inline .elementor-custom-embed-image-overlay{position:absolute;top:0;right:0;bottom:0;left:0;background-size:cover;background-position:50%}.elementor-widget-video .elementor-custom-embed-image-overlay{cursor:pointer;text-align:center}.elementor-widget-video .elementor-custom-embed-image-overlay:hover .elementor-custom-embed-play i{opacity:1}.elementor-widget-video .elementor-custom-embed-image-overlay img{display:block;width:100%;aspect-ratio:var(--video-aspect-ratio);-o-object-fit:cover;object-fit:cover;-o-object-position:center center;object-position:center center}@supports not (aspect-ratio:1\/1){.elementor-widget-video .elementor-custom-embed-image-overlay{position:relative;overflow:hidden;height:0;padding-bottom:calc(100% \/ var(--video-aspect-ratio))}.elementor-widget-video .elementor-custom-embed-image-overlay img{position:absolute;top:0;right:0;bottom:0;left:0}}.elementor-widget-video .e-hosted-video .elementor-video{-o-object-fit:cover;object-fit:cover}.e-con-inner>.elementor-widget-video,.e-con>.elementor-widget-video{width:var(--container-widget-width);--flex-grow:var(--container-widget-flex-grow)}<\/style>\t\t<div class=\"elementor-wrapper elementor-open-inline\">\n\t\t\t<div class=\"elementor-video\"><div class=\"BorlabsCookie _brlbs-cb-youtube\"><div class=\"_brlbs-content-blocker\"> <div class=\"_brlbs-embed _brlbs-video-youtube\"> <img decoding=\"async\" class=\"_brlbs-thumbnail\" src=\"https:\/\/seniorenzentrum-nordrach.winkelwaldgruppe.de\/wp-content\/plugins\/borlabs-cookie\/assets\/images\/cb-no-thumbnail.png\" alt=\"YouTube\"> <div class=\"_brlbs-caption\"> <p>Mit dem Laden des Videos akzeptieren Sie die Datenschutzerkl\u00e4rung von YouTube.<br><a href=\"https:\/\/policies.google.com\/privacy\" target=\"_blank\" rel=\"nofollow noopener noreferrer\">Mehr erfahren<\/a><\/p> <p><a class=\"_brlbs-btn _brlbs-icon-play-white\" href=\"#\" data-borlabs-cookie-unblock role=\"button\">Video laden<\/a><\/p> <p><label><input type=\"checkbox\" name=\"unblockAll\" value=\"1\" checked> <small>YouTube immer entsperren<\/small><\/label><\/p> <\/div> <\/div> <\/div><div class=\"borlabs-hide\" data-borlabs-cookie-type=\"content-blocker\" data-borlabs-cookie-id=\"youtube\"><script type=\"text\/template\">PGlmcmFtZSB0aXRsZT0iU2VuaW9yZW56ZW50cnVtIGFtIFdpbmtlbHdhbGQiIHdpZHRoPSI4MDAiIGhlaWdodD0iNDUwIiBzcmM9Imh0dHBzOi8vd3d3LnlvdXR1YmUtbm9jb29raWUuY29tL2VtYmVkL3E2OXdLYnA1ZzBzP2ZlYXR1cmU9b2VtYmVkJnJlbD0wJmVuYWJsZWpzYXBpPTEmb3JpZ2luPWh0dHBzJTI1M0ElMjUyRiUyNTJGc2VuaW9yZW56ZW50cnVtLW5vcmRyYWNoLndpbmtlbHdhbGRncnVwcGUuZGUmY29udHJvbHM9MSZsb29wPTEmcGxheWxpc3Q9cTY5d0ticDVnMHMiIGZyYW1lYm9yZGVyPSIwIiBhbGxvdz0iYWNjZWxlcm9tZXRlcjsgYXV0b3BsYXk7IGNsaXBib2FyZC13cml0ZTsgZW5jcnlwdGVkLW1lZGlhOyBneXJvc2NvcGU7IHBpY3R1cmUtaW4tcGljdHVyZTsgd2ViLXNoYXJlIiByZWZlcnJlcnBvbGljeT0ic3RyaWN0LW9yaWdpbi13aGVuLWNyb3NzLW9yaWdpbiIgYWxsb3dmdWxsc2NyZWVuPjwvaWZyYW1lPg==<\/script><\/div><\/div><\/div>\t\t<\/div>\n\t\t\t\t<\/div>\n\t\t\t\t<\/div>\n\t\t\t\t\t<\/div>\n\t\t<\/div>\n\t\t\t\t\t<\/div>\n\t\t<\/section>\n\t\t\t\t<section class=\"elementor-section elementor-top-section elementor-element elementor-element-0ef3cd5 elementor-section-boxed elementor-section-height-default elementor-section-height-default\" data-id=\"0ef3cd5\" data-element_type=\"section\">\n\t\t\t\t\t\t<div class=\"elementor-container elementor-column-gap-default\">\n\t\t\t\t\t<div class=\"elementor-column elementor-col-50 elementor-top-column elementor-element elementor-element-d3cf9a6\" data-id=\"d3cf9a6\" data-element_type=\"column\">\n\t\t\t<div class=\"elementor-widget-wrap elementor-element-populated\">\n\t\t\t\t\t\t<div class=\"elementor-element elementor-element-8cb6797 elementor-widget elementor-widget-image\" data-id=\"8cb6797\" data-element_type=\"widget\" data-widget_type=\"image.default\">\n\t\t\t\t<div class=\"elementor-widget-container\">\n\t\t\t\t\t\t\t\t\t\t\t\t\t<img decoding=\"async\" width=\"800\" height=\"534\" src=\"https:\/\/seniorenzentrum-nordrach.winkelwaldgruppe.de\/wp-content\/uploads\/sites\/4\/2023\/03\/Morada_Front_12-Kopie-1024x683.png\" class=\"attachment-large size-large wp-image-86\" alt=\"\" srcset=\"https:\/\/seniorenzentrum-nordrach.winkelwaldgruppe.de\/wp-content\/uploads\/sites\/4\/2023\/03\/Morada_Front_12-Kopie-1024x683.png 1024w, https:\/\/seniorenzentrum-nordrach.winkelwaldgruppe.de\/wp-content\/uploads\/sites\/4\/2023\/03\/Morada_Front_12-Kopie-300x200.png 300w, https:\/\/seniorenzentrum-nordrach.winkelwaldgruppe.de\/wp-content\/uploads\/sites\/4\/2023\/03\/Morada_Front_12-Kopie-768x512.png 768w, https:\/\/seniorenzentrum-nordrach.winkelwaldgruppe.de\/wp-content\/uploads\/sites\/4\/2023\/03\/Morada_Front_12-Kopie-1536x1024.png 1536w, https:\/\/seniorenzentrum-nordrach.winkelwaldgruppe.de\/wp-content\/uploads\/sites\/4\/2023\/03\/Morada_Front_12-Kopie-2048x1365.png 2048w\" sizes=\"(max-width: 800px) 100vw, 800px\" \/>\t\t\t\t\t\t\t\t\t\t\t\t\t<\/div>\n\t\t\t\t<\/div>\n\t\t\t\t\t<\/div>\n\t\t<\/div>\n\t\t\t\t<div class=\"elementor-column elementor-col-50 elementor-top-column elementor-element elementor-element-aeb94e2\" data-id=\"aeb94e2\" data-element_type=\"column\">\n\t\t\t<div class=\"elementor-widget-wrap elementor-element-populated\">\n\t\t\t\t\t\t<div class=\"elementor-element elementor-element-9160805 elementor-widget elementor-widget-text-editor\" data-id=\"9160805\" data-element_type=\"widget\" data-widget_type=\"text-editor.default\">\n\t\t\t\t<div class=\"elementor-widget-container\">\n\t\t\t\t\t\t\tJedes Bewohnerzimmer im Seniorenheim verf\u00fcgt \u00fcber ein bequemes Bett, einen Schrank f\u00fcr Kleidung und pers\u00f6nliche Gegenst\u00e4nde, einen Tisch und einen Stuhl. Alle Zimmer verf\u00fcgen auch \u00fcber ein eigenes Bad. Die Einrichtung ist in der Regel so gestaltet, dass sie den <span style=\"color: #8fb823;\">Bed\u00fcrfnissen und F\u00e4higkeiten von Senioren gerecht<\/span> wird, und ist so konzipiert, dass sie einfach zu benutzen ist.\t\t\t\t\t\t<\/div>\n\t\t\t\t<\/div>\n\t\t\t\t\t<\/div>\n\t\t<\/div>\n\t\t\t\t\t<\/div>\n\t\t<\/section>\n\t\t\t\t<section class=\"elementor-section elementor-top-section elementor-element elementor-element-db120ca elementor-reverse-mobile elementor-section-boxed elementor-section-height-default elementor-section-height-default\" data-id=\"db120ca\" data-element_type=\"section\">\n\t\t\t\t\t\t<div class=\"elementor-container elementor-column-gap-default\">\n\t\t\t\t\t<div class=\"elementor-column elementor-col-50 elementor-top-column elementor-element elementor-element-cedfe1e\" data-id=\"cedfe1e\" data-element_type=\"column\">\n\t\t\t<div class=\"elementor-widget-wrap elementor-element-populated\">\n\t\t\t\t\t\t<div class=\"elementor-element elementor-element-30432bf elementor-widget elementor-widget-text-editor\" data-id=\"30432bf\" data-element_type=\"widget\" data-widget_type=\"text-editor.default\">\n\t\t\t\t<div class=\"elementor-widget-container\">\n\t\t\t\t\t\t\tDie Bewohnerzimmersind auf insgesamt <span style=\"color: #8fb823;\">drei Stockwerke<\/span> verteilt. Zwei Stockwerke mit je 15 und eins mit 14 Pflegebetten. Jedes Stockwerk besitzt einen Aufenthaltsraum und eine K\u00fcche.\t\t\t\t\t\t<\/div>\n\t\t\t\t<\/div>\n\t\t\t\t\t<\/div>\n\t\t<\/div>\n\t\t\t\t<div class=\"elementor-column elementor-col-50 elementor-top-column elementor-element elementor-element-5909718\" data-id=\"5909718\" data-element_type=\"column\">\n\t\t\t<div class=\"elementor-widget-wrap elementor-element-populated\">\n\t\t\t\t\t\t<div class=\"elementor-element elementor-element-ab6fe0b elementor-widget elementor-widget-image\" data-id=\"ab6fe0b\" data-element_type=\"widget\" data-widget_type=\"image.default\">\n\t\t\t\t<div class=\"elementor-widget-container\">\n\t\t\t\t\t\t\t\t\t\t\t\t\t<img decoding=\"async\" width=\"800\" height=\"534\" src=\"https:\/\/seniorenzentrum-nordrach.winkelwaldgruppe.de\/wp-content\/uploads\/sites\/4\/2023\/03\/Morada_Front_12-1024x683.png\" class=\"attachment-large size-large wp-image-87\" alt=\"\" srcset=\"https:\/\/seniorenzentrum-nordrach.winkelwaldgruppe.de\/wp-content\/uploads\/sites\/4\/2023\/03\/Morada_Front_12-1024x683.png 1024w, https:\/\/seniorenzentrum-nordrach.winkelwaldgruppe.de\/wp-content\/uploads\/sites\/4\/2023\/03\/Morada_Front_12-300x200.png 300w, https:\/\/seniorenzentrum-nordrach.winkelwaldgruppe.de\/wp-content\/uploads\/sites\/4\/2023\/03\/Morada_Front_12-768x512.png 768w, https:\/\/seniorenzentrum-nordrach.winkelwaldgruppe.de\/wp-content\/uploads\/sites\/4\/2023\/03\/Morada_Front_12-1536x1024.png 1536w, https:\/\/seniorenzentrum-nordrach.winkelwaldgruppe.de\/wp-content\/uploads\/sites\/4\/2023\/03\/Morada_Front_12-2048x1365.png 2048w\" sizes=\"(max-width: 800px) 100vw, 800px\" \/>\t\t\t\t\t\t\t\t\t\t\t\t\t<\/div>\n\t\t\t\t<\/div>\n\t\t\t\t\t<\/div>\n\t\t<\/div>\n\t\t\t\t\t<\/div>\n\t\t<\/section>\n\t\t\t\t<section class=\"elementor-section elementor-top-section elementor-element elementor-element-d516e52 elementor-section-boxed elementor-section-height-default elementor-section-height-default\" data-id=\"d516e52\" data-element_type=\"section\">\n\t\t\t\t\t\t<div class=\"elementor-container elementor-column-gap-default\">\n\t\t\t\t\t<div class=\"elementor-column elementor-col-50 elementor-top-column elementor-element elementor-element-7bd293a\" data-id=\"7bd293a\" data-element_type=\"column\">\n\t\t\t<div class=\"elementor-widget-wrap elementor-element-populated\">\n\t\t\t\t\t\t<div class=\"elementor-element elementor-element-f70d249 elementor-widget elementor-widget-image\" data-id=\"f70d249\" data-element_type=\"widget\" data-widget_type=\"image.default\">\n\t\t\t\t<div class=\"elementor-widget-container\">\n\t\t\t\t\t\t\t\t\t\t\t\t\t<img loading=\"lazy\" decoding=\"async\" width=\"800\" height=\"534\" src=\"https:\/\/seniorenzentrum-nordrach.winkelwaldgruppe.de\/wp-content\/uploads\/sites\/4\/2023\/03\/Morada_Front_13-1024x683.png\" class=\"attachment-large size-large wp-image-88\" alt=\"\" srcset=\"https:\/\/seniorenzentrum-nordrach.winkelwaldgruppe.de\/wp-content\/uploads\/sites\/4\/2023\/03\/Morada_Front_13-1024x683.png 1024w, https:\/\/seniorenzentrum-nordrach.winkelwaldgruppe.de\/wp-content\/uploads\/sites\/4\/2023\/03\/Morada_Front_13-300x200.png 300w, https:\/\/seniorenzentrum-nordrach.winkelwaldgruppe.de\/wp-content\/uploads\/sites\/4\/2023\/03\/Morada_Front_13-768x512.png 768w, https:\/\/seniorenzentrum-nordrach.winkelwaldgruppe.de\/wp-content\/uploads\/sites\/4\/2023\/03\/Morada_Front_13-1536x1024.png 1536w, https:\/\/seniorenzentrum-nordrach.winkelwaldgruppe.de\/wp-content\/uploads\/sites\/4\/2023\/03\/Morada_Front_13-2048x1365.png 2048w\" sizes=\"(max-width: 800px) 100vw, 800px\" \/>\t\t\t\t\t\t\t\t\t\t\t\t\t<\/div>\n\t\t\t\t<\/div>\n\t\t\t\t\t<\/div>\n\t\t<\/div>\n\t\t\t\t<div class=\"elementor-column elementor-col-50 elementor-top-column elementor-element elementor-element-28ea34e\" data-id=\"28ea34e\" data-element_type=\"column\">\n\t\t\t<div class=\"elementor-widget-wrap elementor-element-populated\">\n\t\t\t\t\t\t<div class=\"elementor-element elementor-element-4c69d16 elementor-widget elementor-widget-text-editor\" data-id=\"4c69d16\" data-element_type=\"widget\" data-widget_type=\"text-editor.default\">\n\t\t\t\t<div class=\"elementor-widget-container\">\n\t\t\t\t\t\t\tEin Team, das zusammenh\u00e4lt, kann jede H\u00fcrde meistern. Jedes Mitglied ist wichtig und wird gesch\u00e4tzt, da jeder seine eigenen F\u00e4higkeiten und St\u00e4rken einbringt. Es entsteht ein Gef\u00fchl von <span style=\"color: #8fb823;\">Zusammenhalt und Vertrauen<\/span>, das es jedem Einzelnen erm\u00f6glicht, sein Bestes zu geben und zu gl\u00e4nzen.\t\t\t\t\t\t<\/div>\n\t\t\t\t<\/div>\n\t\t\t\t\t<\/div>\n\t\t<\/div>\n\t\t\t\t\t<\/div>\n\t\t<\/section>\n\t\t<div class=\"elementor-element elementor-element-92dd3dc elementor-hidden-mobile e-flex e-con-boxed elementor-invisible e-con e-parent\" data-id=\"92dd3dc\" data-element_type=\"container\" data-settings=\"{&quot;animation&quot;:&quot;fadeInUp&quot;,&quot;background_background&quot;:&quot;classic&quot;}\">\n\t\t\t\t\t<div class=\"e-con-inner\">\n\t\t<div class=\"elementor-element elementor-element-95e63d5 e-con-full e-flex e-con e-child\" data-id=\"95e63d5\" data-element_type=\"container\">\n\t\t\t\t<div class=\"elementor-element elementor-element-21a9b24 elementor-widget elementor-widget-heading\" data-id=\"21a9b24\" data-element_type=\"widget\" data-widget_type=\"heading.default\">\n\t\t\t\t<div class=\"elementor-widget-container\">\n\t\t\t<h2 class=\"elementor-heading-title elementor-size-default\">Komm in unser Team.<br>Karriere &amp; Ausbildung<\/h2>\t\t<\/div>\n\t\t\t\t<\/div>\n\t\t\t\t<div class=\"elementor-element elementor-element-47fe23e elementor-align-left elementor-icon-list--layout-traditional elementor-list-item-link-full_width elementor-widget elementor-widget-icon-list\" data-id=\"47fe23e\" data-element_type=\"widget\" data-widget_type=\"icon-list.default\">\n\t\t\t\t<div class=\"elementor-widget-container\">\n\t\t\t<link rel=\"stylesheet\" href=\"https:\/\/seniorenzentrum-nordrach.winkelwaldgruppe.de\/wp-content\/plugins\/elementor\/assets\/css\/widget-icon-list.min.css\">\t\t<ul class=\"elementor-icon-list-items\">\n\t\t\t\t\t\t\t<li class=\"elementor-icon-list-item\">\n\t\t\t\t\t\t\t\t\t\t\t<a href=\"https:\/\/winkelwaldgruppe.de\/karriere\/?taetigkeitsbereich=pflege\">\n\n\t\t\t\t\t\t\t\t\t\t\t\t<span class=\"elementor-icon-list-icon\">\n\t\t\t\t\t\t\t<i aria-hidden=\"true\" class=\"fas fa-chevron-circle-right\"><\/i>\t\t\t\t\t\t<\/span>\n\t\t\t\t\t\t\t\t\t\t<span class=\"elementor-icon-list-text\">Offene Stellen in der WiWa Pflege<\/span>\n\t\t\t\t\t\t\t\t\t\t\t<\/a>\n\t\t\t\t\t\t\t\t\t<\/li>\n\t\t\t\t\t\t\t\t<li class=\"elementor-icon-list-item\">\n\t\t\t\t\t\t\t\t\t\t\t<a href=\"https:\/\/winkelwaldgruppe.de\/karriere\/\">\n\n\t\t\t\t\t\t\t\t\t\t\t\t<span class=\"elementor-icon-list-icon\">\n\t\t\t\t\t\t\t<i aria-hidden=\"true\" class=\"fas fa-chevron-circle-right\"><\/i>\t\t\t\t\t\t<\/span>\n\t\t\t\t\t\t\t\t\t\t<span class=\"elementor-icon-list-text\">Arbeiten bei der Winkelwaldgruppe<\/span>\n\t\t\t\t\t\t\t\t\t\t\t<\/a>\n\t\t\t\t\t\t\t\t\t<\/li>\n\t\t\t\t\t\t<\/ul>\n\t\t\t\t<\/div>\n\t\t\t\t<\/div>\n\t\t\t\t<\/div>\n\t\t<div class=\"elementor-element elementor-element-c285854 e-con-full e-flex e-con e-child\" data-id=\"c285854\" data-element_type=\"container\">\n\t\t\t\t<div class=\"elementor-element elementor-element-35494d6 elementor-widget elementor-widget-image\" data-id=\"35494d6\" data-element_type=\"widget\" data-widget_type=\"image.default\">\n\t\t\t\t<div class=\"elementor-widget-container\">\n\t\t\t\t\t\t\t\t\t\t\t\t\t<img loading=\"lazy\" decoding=\"async\" width=\"800\" height=\"848\" src=\"https:\/\/seniorenzentrum-nordrach.winkelwaldgruppe.de\/wp-content\/uploads\/sites\/4\/2023\/03\/Andrea-Reich-966x1024.png\" class=\"attachment-large size-large wp-image-156\" alt=\"\" srcset=\"https:\/\/seniorenzentrum-nordrach.winkelwaldgruppe.de\/wp-content\/uploads\/sites\/4\/2023\/03\/Andrea-Reich-966x1024.png 966w, https:\/\/seniorenzentrum-nordrach.winkelwaldgruppe.de\/wp-content\/uploads\/sites\/4\/2023\/03\/Andrea-Reich-283x300.png 283w, https:\/\/seniorenzentrum-nordrach.winkelwaldgruppe.de\/wp-content\/uploads\/sites\/4\/2023\/03\/Andrea-Reich-768x814.png 768w, https:\/\/seniorenzentrum-nordrach.winkelwaldgruppe.de\/wp-content\/uploads\/sites\/4\/2023\/03\/Andrea-Reich.png 1019w\" sizes=\"(max-width: 800px) 100vw, 800px\" \/>\t\t\t\t\t\t\t\t\t\t\t\t\t<\/div>\n\t\t\t\t<\/div>\n\t\t\t\t<\/div>\n\t\t\t\t\t<\/div>\n\t\t\t\t<\/div>\n\t\t\t\t<section class=\"elementor-section elementor-top-section elementor-element elementor-element-a663c06 elementor-section-full_width elementor-section-height-default elementor-section-height-default\" data-id=\"a663c06\" data-element_type=\"section\" data-settings=\"{&quot;background_background&quot;:&quot;classic&quot;}\">\n\t\t\t\t\t\t<div class=\"elementor-container elementor-column-gap-no\">\n\t\t\t\t\t<div class=\"elementor-column elementor-col-100 elementor-top-column elementor-element elementor-element-fe5babc\" data-id=\"fe5babc\" data-element_type=\"column\">\n\t\t\t<div class=\"elementor-widget-wrap elementor-element-populated\">\n\t\t\t\t\t\t<div class=\"elementor-element elementor-element-7752983 elementor-widget__width-inherit elementor-pagination-position-inside elementor-skin-carousel elementor-arrows-yes elementor-pagination-type-bullets elementor-widget elementor-widget-media-carousel\" data-id=\"7752983\" data-element_type=\"widget\" data-settings=\"{&quot;slides_per_view&quot;:&quot;1&quot;,&quot;slides_per_view_tablet&quot;:&quot;1&quot;,&quot;skin&quot;:&quot;carousel&quot;,&quot;effect&quot;:&quot;slide&quot;,&quot;show_arrows&quot;:&quot;yes&quot;,&quot;pagination&quot;:&quot;bullets&quot;,&quot;speed&quot;:500,&quot;autoplay&quot;:&quot;yes&quot;,&quot;autoplay_speed&quot;:5000,&quot;loop&quot;:&quot;yes&quot;,&quot;pause_on_hover&quot;:&quot;yes&quot;,&quot;pause_on_interaction&quot;:&quot;yes&quot;,&quot;space_between&quot;:{&quot;unit&quot;:&quot;px&quot;,&quot;size&quot;:10,&quot;sizes&quot;:[]},&quot;space_between_tablet&quot;:{&quot;unit&quot;:&quot;px&quot;,&quot;size&quot;:10,&quot;sizes&quot;:[]},&quot;space_between_mobile&quot;:{&quot;unit&quot;:&quot;px&quot;,&quot;size&quot;:10,&quot;sizes&quot;:[]}}\" data-widget_type=\"media-carousel.default\">\n\t\t\t\t<div class=\"elementor-widget-container\">\n\t\t\t<link rel=\"stylesheet\" href=\"https:\/\/seniorenzentrum-nordrach.winkelwaldgruppe.de\/wp-content\/plugins\/elementor-pro\/assets\/css\/widget-carousel.min.css\">\t\t<div class=\"elementor-swiper\">\n\t\t\t<div class=\"elementor-main-swiper swiper\">\n\t\t\t\t<div class=\"swiper-wrapper\">\n\t\t\t\t\t\t\t\t\t\t\t<div class=\"swiper-slide\">\n\t\t\t\t\t\t\t<a href=\"https:\/\/seniorenzentrum-nordrach.winkelwaldgruppe.de\/wp-content\/uploads\/sites\/4\/2023\/03\/Morada_Front_9-1-scaled.jpg\" data-elementor-open-lightbox=\"yes\" data-elementor-lightbox-slideshow=\"7752983\" data-elementor-lightbox-title=\"Morada_Front_9\" data-e-action-hash=\"#elementor-action%3Aaction%3Dlightbox%26settings%3DeyJpZCI6MjQzLCJ1cmwiOiJodHRwczpcL1wvc2VuaW9yZW56ZW50cnVtLW5vcmRyYWNoLndpbmtlbHdhbGRncnVwcGUuZGVcL3dwLWNvbnRlbnRcL3VwbG9hZHNcL3NpdGVzXC80XC8yMDIzXC8wM1wvTW9yYWRhX0Zyb250XzktMS1zY2FsZWQuanBnIiwic2xpZGVzaG93IjoiNzc1Mjk4MyJ9\">\t\t<div class=\"elementor-carousel-image\" role=\"img\" aria-label=\"Morada_Front_9\" style=\"background-image: url(&#039;https:\/\/seniorenzentrum-nordrach.winkelwaldgruppe.de\/wp-content\/uploads\/sites\/4\/2023\/03\/Morada_Front_9-1-scaled.jpg&#039;)\">\n\n\t\t\t\n\t\t\t\t\t<\/div>\n\t\t<\/a>\t\t\t\t\t\t<\/div>\n\t\t\t\t\t\t\t\t\t\t\t<div class=\"swiper-slide\">\n\t\t\t\t\t\t\t<a href=\"https:\/\/seniorenzentrum-nordrach.winkelwaldgruppe.de\/wp-content\/uploads\/sites\/4\/2023\/03\/Morada_Front_12-Kopie-scaled.jpg\" data-elementor-open-lightbox=\"yes\" data-elementor-lightbox-slideshow=\"7752983\" data-elementor-lightbox-title=\"Morada_Front_12 Kopie\" data-e-action-hash=\"#elementor-action%3Aaction%3Dlightbox%26settings%3DeyJpZCI6MTA0LCJ1cmwiOiJodHRwczpcL1wvc2VuaW9yZW56ZW50cnVtLW5vcmRyYWNoLndpbmtlbHdhbGRncnVwcGUuZGVcL3dwLWNvbnRlbnRcL3VwbG9hZHNcL3NpdGVzXC80XC8yMDIzXC8wM1wvTW9yYWRhX0Zyb250XzEyLUtvcGllLXNjYWxlZC5qcGciLCJzbGlkZXNob3ciOiI3NzUyOTgzIn0%3D\">\t\t<div class=\"elementor-carousel-image\" role=\"img\" aria-label=\"Morada_Front_12 Kopie\" style=\"background-image: url(&#039;https:\/\/seniorenzentrum-nordrach.winkelwaldgruppe.de\/wp-content\/uploads\/sites\/4\/2023\/03\/Morada_Front_12-Kopie-scaled.jpg&#039;)\">\n\n\t\t\t\n\t\t\t\t\t<\/div>\n\t\t<\/a>\t\t\t\t\t\t<\/div>\n\t\t\t\t\t\t\t\t\t\t\t<div class=\"swiper-slide\">\n\t\t\t\t\t\t\t<a href=\"https:\/\/seniorenzentrum-nordrach.winkelwaldgruppe.de\/wp-content\/uploads\/sites\/4\/2023\/03\/Morada_Front_6-scaled.jpg\" data-elementor-open-lightbox=\"yes\" data-elementor-lightbox-slideshow=\"7752983\" data-elementor-lightbox-title=\"Morada_Front_6\" data-e-action-hash=\"#elementor-action%3Aaction%3Dlightbox%26settings%3DeyJpZCI6MjQwLCJ1cmwiOiJodHRwczpcL1wvc2VuaW9yZW56ZW50cnVtLW5vcmRyYWNoLndpbmtlbHdhbGRncnVwcGUuZGVcL3dwLWNvbnRlbnRcL3VwbG9hZHNcL3NpdGVzXC80XC8yMDIzXC8wM1wvTW9yYWRhX0Zyb250XzYtc2NhbGVkLmpwZyIsInNsaWRlc2hvdyI6Ijc3NTI5ODMifQ%3D%3D\">\t\t<div class=\"elementor-carousel-image\" role=\"img\" aria-label=\"Morada_Front_6\" style=\"background-image: url(&#039;https:\/\/seniorenzentrum-nordrach.winkelwaldgruppe.de\/wp-content\/uploads\/sites\/4\/2023\/03\/Morada_Front_6-scaled.jpg&#039;)\">\n\n\t\t\t\n\t\t\t\t\t<\/div>\n\t\t<\/a>\t\t\t\t\t\t<\/div>\n\t\t\t\t\t\t\t\t\t\t\t<div class=\"swiper-slide\">\n\t\t\t\t\t\t\t<a href=\"https:\/\/seniorenzentrum-nordrach.winkelwaldgruppe.de\/wp-content\/uploads\/sites\/4\/2023\/03\/Morada_Front_10-scaled.jpg\" data-elementor-open-lightbox=\"yes\" data-elementor-lightbox-slideshow=\"7752983\" data-elementor-lightbox-title=\"Morada_Front_10\" data-e-action-hash=\"#elementor-action%3Aaction%3Dlightbox%26settings%3DeyJpZCI6MjQ0LCJ1cmwiOiJodHRwczpcL1wvc2VuaW9yZW56ZW50cnVtLW5vcmRyYWNoLndpbmtlbHdhbGRncnVwcGUuZGVcL3dwLWNvbnRlbnRcL3VwbG9hZHNcL3NpdGVzXC80XC8yMDIzXC8wM1wvTW9yYWRhX0Zyb250XzEwLXNjYWxlZC5qcGciLCJzbGlkZXNob3ciOiI3NzUyOTgzIn0%3D\">\t\t<div class=\"elementor-carousel-image\" role=\"img\" aria-label=\"Morada_Front_10\" style=\"background-image: url(&#039;https:\/\/seniorenzentrum-nordrach.winkelwaldgruppe.de\/wp-content\/uploads\/sites\/4\/2023\/03\/Morada_Front_10-scaled.jpg&#039;)\">\n\n\t\t\t\n\t\t\t\t\t<\/div>\n\t\t<\/a>\t\t\t\t\t\t<\/div>\n\t\t\t\t\t\t\t\t\t<\/div>\n\t\t\t\t\t\t\t\t\t\t\t\t\t\t\t<div class=\"swiper-pagination\"><\/div>\n\t\t\t\t\t\t\t\t\t\t\t\t\t\t\t\t<div class=\"elementor-swiper-button elementor-swiper-button-prev\" role=\"button\" tabindex=\"0\">\n\t\t\t\t\t\t\t<i aria-hidden=\"true\" class=\"eicon-chevron-left\"><\/i>\t\t\t\t\t\t\t<span class=\"elementor-screen-only\">Voriger<\/span>\n\t\t\t\t\t\t<\/div>\n\t\t\t\t\t\t<div class=\"elementor-swiper-button elementor-swiper-button-next\" role=\"button\" tabindex=\"0\">\n\t\t\t\t\t\t\t<i aria-hidden=\"true\" class=\"eicon-chevron-right\"><\/i>\t\t\t\t\t\t\t<span class=\"elementor-screen-only\">N\u00e4chster<\/span>\n\t\t\t\t\t\t<\/div>\n\t\t\t\t\t\t\t\t\t\t\t\t<\/div>\n\t\t<\/div>\n\t\t\t\t<\/div>\n\t\t\t\t<\/div>\n\t\t\t\t\t<\/div>\n\t\t<\/div>\n\t\t\t\t\t<\/div>\n\t\t<\/section>\n\t\t\t\t<section class=\"elementor-section elementor-top-section elementor-element elementor-element-e4a3d36 elementor-section-boxed elementor-section-height-default elementor-section-height-default\" data-id=\"e4a3d36\" data-element_type=\"section\" id=\"leistungen\" data-settings=\"{&quot;background_background&quot;:&quot;classic&quot;}\">\n\t\t\t\t\t\t<div class=\"elementor-container elementor-column-gap-default\">\n\t\t\t\t\t<div class=\"elementor-column elementor-col-100 elementor-top-column elementor-element elementor-element-888c385\" data-id=\"888c385\" data-element_type=\"column\" data-settings=\"{&quot;background_background&quot;:&quot;classic&quot;}\">\n\t\t\t<div class=\"elementor-widget-wrap elementor-element-populated\">\n\t\t\t\t\t\t<div class=\"elementor-element elementor-element-2c33f5c elementor-widget elementor-widget-heading\" data-id=\"2c33f5c\" data-element_type=\"widget\" data-widget_type=\"heading.default\">\n\t\t\t\t<div class=\"elementor-widget-container\">\n\t\t\t<h2 class=\"elementor-heading-title elementor-size-xl\">Unsere Leistungen<\/h2>\t\t<\/div>\n\t\t\t\t<\/div>\n\t\t\t\t\t<\/div>\n\t\t<\/div>\n\t\t\t\t\t<\/div>\n\t\t<\/section>\n\t\t<div class=\"elementor-element elementor-element-adb3b50 elementor-hidden-desktop elementor-hidden-tablet e-flex e-con-boxed e-con e-parent\" data-id=\"adb3b50\" data-element_type=\"container\" data-settings=\"{&quot;background_background&quot;:&quot;classic&quot;}\">\n\t\t\t\t\t<div class=\"e-con-inner\">\n\t\t\t\t<div class=\"elementor-element elementor-element-c39fc58 elementor-widget elementor-widget-image\" data-id=\"c39fc58\" data-element_type=\"widget\" data-widget_type=\"image.default\">\n\t\t\t\t<div class=\"elementor-widget-container\">\n\t\t\t\t\t\t\t\t\t\t\t\t\t<img loading=\"lazy\" decoding=\"async\" width=\"800\" height=\"534\" src=\"https:\/\/seniorenzentrum-nordrach.winkelwaldgruppe.de\/wp-content\/uploads\/sites\/4\/2023\/03\/Senioren-Pflege-Hausach-20-1024x683.jpg\" class=\"attachment-large size-large wp-image-105\" alt=\"\" srcset=\"https:\/\/seniorenzentrum-nordrach.winkelwaldgruppe.de\/wp-content\/uploads\/sites\/4\/2023\/03\/Senioren-Pflege-Hausach-20-1024x683.jpg 1024w, https:\/\/seniorenzentrum-nordrach.winkelwaldgruppe.de\/wp-content\/uploads\/sites\/4\/2023\/03\/Senioren-Pflege-Hausach-20-300x200.jpg 300w, https:\/\/seniorenzentrum-nordrach.winkelwaldgruppe.de\/wp-content\/uploads\/sites\/4\/2023\/03\/Senioren-Pflege-Hausach-20-768x512.jpg 768w, https:\/\/seniorenzentrum-nordrach.winkelwaldgruppe.de\/wp-content\/uploads\/sites\/4\/2023\/03\/Senioren-Pflege-Hausach-20-1536x1024.jpg 1536w, https:\/\/seniorenzentrum-nordrach.winkelwaldgruppe.de\/wp-content\/uploads\/sites\/4\/2023\/03\/Senioren-Pflege-Hausach-20-2048x1365.jpg 2048w\" sizes=\"(max-width: 800px) 100vw, 800px\" \/>\t\t\t\t\t\t\t\t\t\t\t\t\t<\/div>\n\t\t\t\t<\/div>\n\t\t<div class=\"elementor-element elementor-element-861e71a e-con-full e-flex e-con e-child\" data-id=\"861e71a\" data-element_type=\"container\" data-settings=\"{&quot;background_background&quot;:&quot;classic&quot;}\">\n\t\t\t\t<div class=\"elementor-element elementor-element-8e960ee elementor-widget elementor-widget-heading\" data-id=\"8e960ee\" data-element_type=\"widget\" data-widget_type=\"heading.default\">\n\t\t\t\t<div class=\"elementor-widget-container\">\n\t\t\t<h2 class=\"elementor-heading-title elementor-size-default\">Langzeitpflege<\/h2>\t\t<\/div>\n\t\t\t\t<\/div>\n\t\t\t\t<div class=\"elementor-element elementor-element-09b785b elementor-widget elementor-widget-text-editor\" data-id=\"09b785b\" data-element_type=\"widget\" data-widget_type=\"text-editor.default\">\n\t\t\t\t<div class=\"elementor-widget-container\">\n\t\t\t\t\t\t\t<p><strong>Qualifiziertes Personal<\/strong> aus der Hauswirtschaft, Betreuung und Pflege gestalten gemeinsam mit den Bewohnern den Lebensalltag.<\/p><p>Auf jeder Hausgemeinschaft wird t\u00e4glich frisch gekocht. Die <strong>Vorlieben<\/strong> und Interessen der Bewohner werden im Alltag ber\u00fccksichtigt und wahrgenommen.<\/p><p>Die Pflege wird in unseren H\u00e4usern mit Einf\u00fchlungsverm\u00f6gen und Respekt ausge\u00fcbt.<\/p><p>Ein wichtiger Aspekt unserer Arbeit ist das Einbeziehen der Angeh\u00f6rigen und der Kommune (z.B. die Kirche, Vereine) in das Geschehen in unserem Pflegeheim.<\/p>\t\t\t\t\t\t<\/div>\n\t\t\t\t<\/div>\n\t\t\t\t<\/div>\n\t\t\t\t<div class=\"elementor-element elementor-element-429586d elementor-widget elementor-widget-spacer\" data-id=\"429586d\" data-element_type=\"widget\" data-widget_type=\"spacer.default\">\n\t\t\t\t<div class=\"elementor-widget-container\">\n\t\t\t\t\t<div class=\"elementor-spacer\">\n\t\t\t<div class=\"elementor-spacer-inner\"><\/div>\n\t\t<\/div>\n\t\t\t\t<\/div>\n\t\t\t\t<\/div>\n\t\t\t\t<div class=\"elementor-element elementor-element-7ce3a6a elementor-widget elementor-widget-image\" data-id=\"7ce3a6a\" data-element_type=\"widget\" data-widget_type=\"image.default\">\n\t\t\t\t<div class=\"elementor-widget-container\">\n\t\t\t\t\t\t\t\t\t\t\t\t\t<img loading=\"lazy\" decoding=\"async\" width=\"800\" height=\"534\" src=\"https:\/\/seniorenzentrum-nordrach.winkelwaldgruppe.de\/wp-content\/uploads\/sites\/4\/2023\/03\/Senioren-Pflege-Hausach-40-1024x683.jpg\" class=\"attachment-large size-large wp-image-106\" alt=\"\" srcset=\"https:\/\/seniorenzentrum-nordrach.winkelwaldgruppe.de\/wp-content\/uploads\/sites\/4\/2023\/03\/Senioren-Pflege-Hausach-40-1024x683.jpg 1024w, https:\/\/seniorenzentrum-nordrach.winkelwaldgruppe.de\/wp-content\/uploads\/sites\/4\/2023\/03\/Senioren-Pflege-Hausach-40-300x200.jpg 300w, https:\/\/seniorenzentrum-nordrach.winkelwaldgruppe.de\/wp-content\/uploads\/sites\/4\/2023\/03\/Senioren-Pflege-Hausach-40-768x512.jpg 768w, https:\/\/seniorenzentrum-nordrach.winkelwaldgruppe.de\/wp-content\/uploads\/sites\/4\/2023\/03\/Senioren-Pflege-Hausach-40-1536x1024.jpg 1536w, https:\/\/seniorenzentrum-nordrach.winkelwaldgruppe.de\/wp-content\/uploads\/sites\/4\/2023\/03\/Senioren-Pflege-Hausach-40-2048x1365.jpg 2048w\" sizes=\"(max-width: 800px) 100vw, 800px\" \/>\t\t\t\t\t\t\t\t\t\t\t\t\t<\/div>\n\t\t\t\t<\/div>\n\t\t<div class=\"elementor-element elementor-element-55e53d9 e-flex e-con-boxed e-con e-child\" data-id=\"55e53d9\" data-element_type=\"container\" data-settings=\"{&quot;background_background&quot;:&quot;classic&quot;}\">\n\t\t\t\t\t<div class=\"e-con-inner\">\n\t\t\t\t<div class=\"elementor-element elementor-element-d88de2f elementor-widget elementor-widget-heading\" data-id=\"d88de2f\" data-element_type=\"widget\" data-widget_type=\"heading.default\">\n\t\t\t\t<div class=\"elementor-widget-container\">\n\t\t\t<h2 class=\"elementor-heading-title elementor-size-default\">Kurzzeitpflege<\/h2>\t\t<\/div>\n\t\t\t\t<\/div>\n\t\t\t\t<div class=\"elementor-element elementor-element-1a6b792 elementor-widget elementor-widget-text-editor\" data-id=\"1a6b792\" data-element_type=\"widget\" data-widget_type=\"text-editor.default\">\n\t\t\t\t<div class=\"elementor-widget-container\">\n\t\t\t\t\t\t\t<p><strong>Auszeit vom Alltag<\/strong><br \/>Pflegebed\u00fcrftige, die von ihren Angeh\u00f6rigen zu Hause betreut und begleitet werden, erhalten Verhinderungspflege, wenn die Angeh\u00f6rigen eine Vertretung brauchen.<\/p><p>Sicher kennen Sie als pflegender Angeh\u00f6riger die Situation, wenn Sie kurzfristig eine Vertretung f\u00fcr sich brauchen &#8211; f\u00fcr ein paar Stunden, Tage oder auch Wochen &#8211; weil Sie wichtige Termine haben oder eine kleine Auszeit brauchen.<\/p><p>Diese Vertretungsleistungen <strong>bieten wir, die Winkelwaldgruppe, f\u00fcr Sie an.<\/strong><\/p>\t\t\t\t\t\t<\/div>\n\t\t\t\t<\/div>\n\t\t\t\t\t<\/div>\n\t\t\t\t<\/div>\n\t\t\t\t\t<\/div>\n\t\t\t\t<\/div>\n\t\t<div class=\"elementor-element elementor-element-94375a3 elementor-hidden-mobile e-flex e-con-boxed e-con e-parent\" data-id=\"94375a3\" data-element_type=\"container\" data-settings=\"{&quot;background_background&quot;:&quot;classic&quot;}\">\n\t\t\t\t\t<div class=\"e-con-inner\">\n\t\t<div class=\"elementor-element elementor-element-90615c6 e-con-full e-flex e-con e-child\" data-id=\"90615c6\" data-element_type=\"container\">\n\t\t<div class=\"elementor-element elementor-element-09f248c e-con-full e-flex e-con e-child\" data-id=\"09f248c\" data-element_type=\"container\">\n\t\t\t\t<div class=\"elementor-element elementor-element-5afdbe0 elementor-widget elementor-widget-image\" data-id=\"5afdbe0\" data-element_type=\"widget\" data-widget_type=\"image.default\">\n\t\t\t\t<div class=\"elementor-widget-container\">\n\t\t\t\t\t\t\t\t\t\t\t\t\t<img loading=\"lazy\" decoding=\"async\" width=\"800\" height=\"800\" src=\"https:\/\/seniorenzentrum-nordrach.winkelwaldgruppe.de\/wp-content\/uploads\/sites\/4\/2023\/03\/Seniorin_mit_Pflegerin-Hausach-20-1024x1024.jpg\" class=\"attachment-large size-large wp-image-620\" alt=\"\" srcset=\"https:\/\/seniorenzentrum-nordrach.winkelwaldgruppe.de\/wp-content\/uploads\/sites\/4\/2023\/03\/Seniorin_mit_Pflegerin-Hausach-20-1024x1024.jpg 1024w, https:\/\/seniorenzentrum-nordrach.winkelwaldgruppe.de\/wp-content\/uploads\/sites\/4\/2023\/03\/Seniorin_mit_Pflegerin-Hausach-20-300x300.jpg 300w, https:\/\/seniorenzentrum-nordrach.winkelwaldgruppe.de\/wp-content\/uploads\/sites\/4\/2023\/03\/Seniorin_mit_Pflegerin-Hausach-20-150x150.jpg 150w, https:\/\/seniorenzentrum-nordrach.winkelwaldgruppe.de\/wp-content\/uploads\/sites\/4\/2023\/03\/Seniorin_mit_Pflegerin-Hausach-20-768x768.jpg 768w, https:\/\/seniorenzentrum-nordrach.winkelwaldgruppe.de\/wp-content\/uploads\/sites\/4\/2023\/03\/Seniorin_mit_Pflegerin-Hausach-20-1536x1536.jpg 1536w, https:\/\/seniorenzentrum-nordrach.winkelwaldgruppe.de\/wp-content\/uploads\/sites\/4\/2023\/03\/Seniorin_mit_Pflegerin-Hausach-20-2048x2048.jpg 2048w\" sizes=\"(max-width: 800px) 100vw, 800px\" \/>\t\t\t\t\t\t\t\t\t\t\t\t\t<\/div>\n\t\t\t\t<\/div>\n\t\t\t\t<\/div>\n\t\t<div class=\"elementor-element elementor-element-2399ee5 e-flex e-con-boxed e-con e-child\" data-id=\"2399ee5\" data-element_type=\"container\" data-settings=\"{&quot;background_background&quot;:&quot;classic&quot;}\">\n\t\t\t\t\t<div class=\"e-con-inner\">\n\t\t\t\t<div class=\"elementor-element elementor-element-0455ed4 elementor-widget elementor-widget-heading\" data-id=\"0455ed4\" data-element_type=\"widget\" data-widget_type=\"heading.default\">\n\t\t\t\t<div class=\"elementor-widget-container\">\n\t\t\t<h2 class=\"elementor-heading-title elementor-size-default\">Langzeitpflege<\/h2>\t\t<\/div>\n\t\t\t\t<\/div>\n\t\t\t\t<div class=\"elementor-element elementor-element-e25125c elementor-widget elementor-widget-text-editor\" data-id=\"e25125c\" data-element_type=\"widget\" data-widget_type=\"text-editor.default\">\n\t\t\t\t<div class=\"elementor-widget-container\">\n\t\t\t\t\t\t\t<p><strong>Qualifiziertes Personal<\/strong> aus der Hauswirtschaft, Betreuung und Pflege gestalten gemeinsam mit den Bewohnern den Lebensalltag.<\/p><p>Auf jeder Hausgemeinschaft wird t\u00e4glich frisch gekocht. Die <strong>Vorlieben<\/strong> und Interessen der Bewohner werden im Alltag ber\u00fccksichtigt und wahrgenommen.<\/p><p>Die Pflege wird in unseren H\u00e4usern mit Einf\u00fchlungsverm\u00f6gen und Respekt ausge\u00fcbt.<\/p><p>Ein wichtiger Aspekt unserer Arbeit ist das Einbeziehen der Angeh\u00f6rigen und der Kommune (z.B. die Kirche, Vereine) in das Geschehen in unserem Pflegeheim.<\/p>\t\t\t\t\t\t<\/div>\n\t\t\t\t<\/div>\n\t\t\t\t\t<\/div>\n\t\t\t\t<\/div>\n\t\t\t\t<\/div>\n\t\t<div class=\"elementor-element elementor-element-05fbebf e-con-full e-flex e-con e-child\" data-id=\"05fbebf\" data-element_type=\"container\">\n\t\t<div class=\"elementor-element elementor-element-c547426 e-flex e-con-boxed e-con e-child\" data-id=\"c547426\" data-element_type=\"container\" data-settings=\"{&quot;background_background&quot;:&quot;classic&quot;}\">\n\t\t\t\t\t<div class=\"e-con-inner\">\n\t\t\t\t<div class=\"elementor-element elementor-element-c364f8f elementor-widget elementor-widget-heading\" data-id=\"c364f8f\" data-element_type=\"widget\" data-widget_type=\"heading.default\">\n\t\t\t\t<div class=\"elementor-widget-container\">\n\t\t\t<h2 class=\"elementor-heading-title elementor-size-default\">Kurzzeitpflege<\/h2>\t\t<\/div>\n\t\t\t\t<\/div>\n\t\t\t\t<div class=\"elementor-element elementor-element-98e4478 elementor-widget elementor-widget-text-editor\" data-id=\"98e4478\" data-element_type=\"widget\" data-widget_type=\"text-editor.default\">\n\t\t\t\t<div class=\"elementor-widget-container\">\n\t\t\t\t\t\t\t<p><strong>Auszeit vom Alltag<\/strong><br \/>Pflegebed\u00fcrftige, die von ihren Angeh\u00f6rigen zu Hause betreut und begleitet werden, erhalten Verhinderungspflege, wenn die Angeh\u00f6rigen eine Vertretung brauchen.<\/p><p>Sicher kennen Sie als pflegender Angeh\u00f6riger die Situation, wenn Sie kurzfristig eine Vertretung f\u00fcr sich brauchen &#8211; f\u00fcr ein paar Stunden, Tage oder auch Wochen &#8211; weil Sie wichtige Termine haben oder eine kleine Auszeit brauchen.<\/p><p>Diese Vertretungsleistungen\u00a0<strong>bieten wir, die Winkelwaldgruppe, f\u00fcr Sie an.<\/strong><\/p>\t\t\t\t\t\t<\/div>\n\t\t\t\t<\/div>\n\t\t\t\t\t<\/div>\n\t\t\t\t<\/div>\n\t\t<div class=\"elementor-element elementor-element-6daa6d0 e-con-full e-flex e-con e-child\" data-id=\"6daa6d0\" data-element_type=\"container\">\n\t\t\t\t<div class=\"elementor-element elementor-element-d1247fa elementor-widget elementor-widget-image\" data-id=\"d1247fa\" data-element_type=\"widget\" data-widget_type=\"image.default\">\n\t\t\t\t<div class=\"elementor-widget-container\">\n\t\t\t\t\t\t\t\t\t\t\t\t\t<img loading=\"lazy\" decoding=\"async\" width=\"800\" height=\"800\" src=\"https:\/\/seniorenzentrum-nordrach.winkelwaldgruppe.de\/wp-content\/uploads\/sites\/4\/2023\/03\/Senioren-Pflege-Hausach-40-1-1024x1024.jpg\" class=\"attachment-large size-large wp-image-621\" alt=\"\" srcset=\"https:\/\/seniorenzentrum-nordrach.winkelwaldgruppe.de\/wp-content\/uploads\/sites\/4\/2023\/03\/Senioren-Pflege-Hausach-40-1-1024x1024.jpg 1024w, https:\/\/seniorenzentrum-nordrach.winkelwaldgruppe.de\/wp-content\/uploads\/sites\/4\/2023\/03\/Senioren-Pflege-Hausach-40-1-300x300.jpg 300w, https:\/\/seniorenzentrum-nordrach.winkelwaldgruppe.de\/wp-content\/uploads\/sites\/4\/2023\/03\/Senioren-Pflege-Hausach-40-1-150x150.jpg 150w, https:\/\/seniorenzentrum-nordrach.winkelwaldgruppe.de\/wp-content\/uploads\/sites\/4\/2023\/03\/Senioren-Pflege-Hausach-40-1-768x768.jpg 768w, https:\/\/seniorenzentrum-nordrach.winkelwaldgruppe.de\/wp-content\/uploads\/sites\/4\/2023\/03\/Senioren-Pflege-Hausach-40-1-1536x1536.jpg 1536w, https:\/\/seniorenzentrum-nordrach.winkelwaldgruppe.de\/wp-content\/uploads\/sites\/4\/2023\/03\/Senioren-Pflege-Hausach-40-1-2048x2048.jpg 2048w\" sizes=\"(max-width: 800px) 100vw, 800px\" \/>\t\t\t\t\t\t\t\t\t\t\t\t\t<\/div>\n\t\t\t\t<\/div>\n\t\t\t\t<\/div>\n\t\t\t\t<\/div>\n\t\t\t\t\t<\/div>\n\t\t\t\t<\/div>\n\t\t\t\t<section class=\"elementor-section elementor-top-section elementor-element elementor-element-d858d89 elementor-hidden-desktop elementor-hidden-tablet elementor-hidden-mobile elementor-section-boxed elementor-section-height-default elementor-section-height-default\" data-id=\"d858d89\" data-element_type=\"section\" id=\"leistungen-id\" data-settings=\"{&quot;background_background&quot;:&quot;classic&quot;}\">\n\t\t\t\t\t\t<div class=\"elementor-container elementor-column-gap-default\">\n\t\t\t\t\t<div class=\"elementor-column elementor-col-50 elementor-top-column elementor-element elementor-element-9f1e3eb\" data-id=\"9f1e3eb\" data-element_type=\"column\" data-settings=\"{&quot;background_background&quot;:&quot;classic&quot;}\">\n\t\t\t<div class=\"elementor-widget-wrap elementor-element-populated\">\n\t\t\t\t\t\t<div class=\"elementor-element elementor-element-64c7048 elementor-widget elementor-widget-image\" data-id=\"64c7048\" data-element_type=\"widget\" data-widget_type=\"image.default\">\n\t\t\t\t<div class=\"elementor-widget-container\">\n\t\t\t\t\t\t\t\t\t\t\t\t\t<img loading=\"lazy\" decoding=\"async\" width=\"800\" height=\"534\" src=\"https:\/\/seniorenzentrum-nordrach.winkelwaldgruppe.de\/wp-content\/uploads\/sites\/4\/2023\/03\/Senioren-Pflege-Hausach-20-1024x683.jpg\" class=\"attachment-large size-large wp-image-105\" alt=\"\" srcset=\"https:\/\/seniorenzentrum-nordrach.winkelwaldgruppe.de\/wp-content\/uploads\/sites\/4\/2023\/03\/Senioren-Pflege-Hausach-20-1024x683.jpg 1024w, https:\/\/seniorenzentrum-nordrach.winkelwaldgruppe.de\/wp-content\/uploads\/sites\/4\/2023\/03\/Senioren-Pflege-Hausach-20-300x200.jpg 300w, https:\/\/seniorenzentrum-nordrach.winkelwaldgruppe.de\/wp-content\/uploads\/sites\/4\/2023\/03\/Senioren-Pflege-Hausach-20-768x512.jpg 768w, https:\/\/seniorenzentrum-nordrach.winkelwaldgruppe.de\/wp-content\/uploads\/sites\/4\/2023\/03\/Senioren-Pflege-Hausach-20-1536x1024.jpg 1536w, https:\/\/seniorenzentrum-nordrach.winkelwaldgruppe.de\/wp-content\/uploads\/sites\/4\/2023\/03\/Senioren-Pflege-Hausach-20-2048x1365.jpg 2048w\" sizes=\"(max-width: 800px) 100vw, 800px\" \/>\t\t\t\t\t\t\t\t\t\t\t\t\t<\/div>\n\t\t\t\t<\/div>\n\t\t\t\t<div class=\"elementor-element elementor-element-6174849 elementor-widget elementor-widget-text-editor\" data-id=\"6174849\" data-element_type=\"widget\" data-widget_type=\"text-editor.default\">\n\t\t\t\t<div class=\"elementor-widget-container\">\n\t\t\t\t\t\t\t<p>Langzeitpflege<\/p>\t\t\t\t\t\t<\/div>\n\t\t\t\t<\/div>\n\t\t\t\t<div class=\"elementor-element elementor-element-97643c8 elementor-widget elementor-widget-text-editor\" data-id=\"97643c8\" data-element_type=\"widget\" data-widget_type=\"text-editor.default\">\n\t\t\t\t<div class=\"elementor-widget-container\">\n\t\t\t\t\t\t\t<p><strong>Qualifiziertes Personal<\/strong> aus der Hauswirtschaft, Betreuung und Pflege gestalten gemeinsam mit den Bewohnern den Lebensalltag.<\/p><p>Auf jeder Hausgemeinschaft wird t\u00e4glich frisch gekocht. Die <strong>Vorlieben<\/strong> und Interessen der Bewohner werden im Alltag ber\u00fccksichtigt und wahrgenommen.<\/p><p>Die Pflege wird in unseren H\u00e4usern mit Einf\u00fchlungsverm\u00f6gen und Respekt ausge\u00fcbt.<\/p><p>Ein wichtiger Aspekt unserer Arbeit ist das Einbeziehen der Angeh\u00f6rigen und der Kommune (z.B. die Kirche, Vereine) in das Geschehen in unserem Pflegeheim.<\/p>\t\t\t\t\t\t<\/div>\n\t\t\t\t<\/div>\n\t\t\t\t<div class=\"elementor-element elementor-element-76fbd98 elementor-widget elementor-widget-spacer\" data-id=\"76fbd98\" data-element_type=\"widget\" data-widget_type=\"spacer.default\">\n\t\t\t\t<div class=\"elementor-widget-container\">\n\t\t\t\t\t<div class=\"elementor-spacer\">\n\t\t\t<div class=\"elementor-spacer-inner\"><\/div>\n\t\t<\/div>\n\t\t\t\t<\/div>\n\t\t\t\t<\/div>\n\t\t\t\t\t<\/div>\n\t\t<\/div>\n\t\t\t\t<div class=\"elementor-column elementor-col-50 elementor-top-column elementor-element elementor-element-6d11ff1\" data-id=\"6d11ff1\" data-element_type=\"column\" data-settings=\"{&quot;background_background&quot;:&quot;classic&quot;}\">\n\t\t\t<div class=\"elementor-widget-wrap elementor-element-populated\">\n\t\t\t\t\t\t<div class=\"elementor-element elementor-element-68e37f0 elementor-widget elementor-widget-image\" data-id=\"68e37f0\" data-element_type=\"widget\" data-widget_type=\"image.default\">\n\t\t\t\t<div class=\"elementor-widget-container\">\n\t\t\t\t\t\t\t\t\t\t\t\t\t<img loading=\"lazy\" decoding=\"async\" width=\"800\" height=\"534\" src=\"https:\/\/seniorenzentrum-nordrach.winkelwaldgruppe.de\/wp-content\/uploads\/sites\/4\/2023\/03\/Senioren-Pflege-Hausach-40-1024x683.jpg\" class=\"attachment-large size-large wp-image-106\" alt=\"\" srcset=\"https:\/\/seniorenzentrum-nordrach.winkelwaldgruppe.de\/wp-content\/uploads\/sites\/4\/2023\/03\/Senioren-Pflege-Hausach-40-1024x683.jpg 1024w, https:\/\/seniorenzentrum-nordrach.winkelwaldgruppe.de\/wp-content\/uploads\/sites\/4\/2023\/03\/Senioren-Pflege-Hausach-40-300x200.jpg 300w, https:\/\/seniorenzentrum-nordrach.winkelwaldgruppe.de\/wp-content\/uploads\/sites\/4\/2023\/03\/Senioren-Pflege-Hausach-40-768x512.jpg 768w, https:\/\/seniorenzentrum-nordrach.winkelwaldgruppe.de\/wp-content\/uploads\/sites\/4\/2023\/03\/Senioren-Pflege-Hausach-40-1536x1024.jpg 1536w, https:\/\/seniorenzentrum-nordrach.winkelwaldgruppe.de\/wp-content\/uploads\/sites\/4\/2023\/03\/Senioren-Pflege-Hausach-40-2048x1365.jpg 2048w\" sizes=\"(max-width: 800px) 100vw, 800px\" \/>\t\t\t\t\t\t\t\t\t\t\t\t\t<\/div>\n\t\t\t\t<\/div>\n\t\t\t\t<div class=\"elementor-element elementor-element-af16b15 elementor-widget elementor-widget-text-editor\" data-id=\"af16b15\" data-element_type=\"widget\" data-widget_type=\"text-editor.default\">\n\t\t\t\t<div class=\"elementor-widget-container\">\n\t\t\t\t\t\t\t<p>Kurzzeitpflege<\/p>\t\t\t\t\t\t<\/div>\n\t\t\t\t<\/div>\n\t\t\t\t<div class=\"elementor-element elementor-element-39eb19f elementor-widget elementor-widget-text-editor\" data-id=\"39eb19f\" data-element_type=\"widget\" data-widget_type=\"text-editor.default\">\n\t\t\t\t<div class=\"elementor-widget-container\">\n\t\t\t\t\t\t\t<p><strong>Auszeit vom Alltag<\/strong><br \/>Pflegebed\u00fcrftige, die von ihren Angeh\u00f6rigen zu Hause betreut und begleitet werden, erhalten Verhinderungspflege, wenn die Angeh\u00f6rigen eine Vertretung brauchen.<\/p><p>Sicher kennen Sie als pflegender Angeh\u00f6riger die Situation, wenn Sie kurzfristig eine Vertretung f\u00fcr sich brauchen &#8211; f\u00fcr ein paar Stunden, Tage oder auch Wochen &#8211; weil Sie wichtige Termine haben oder eine kleine Auszeit brauchen.<\/p><p>Diese Vertretungsleistungen <strong>bieten wir, die Winkelwaldgruppe, f\u00fcr Sie an.<\/strong><\/p>\t\t\t\t\t\t<\/div>\n\t\t\t\t<\/div>\n\t\t\t\t<div class=\"elementor-element elementor-element-2552716 elementor-widget elementor-widget-spacer\" data-id=\"2552716\" data-element_type=\"widget\" data-widget_type=\"spacer.default\">\n\t\t\t\t<div class=\"elementor-widget-container\">\n\t\t\t\t\t<div class=\"elementor-spacer\">\n\t\t\t<div class=\"elementor-spacer-inner\"><\/div>\n\t\t<\/div>\n\t\t\t\t<\/div>\n\t\t\t\t<\/div>\n\t\t\t\t\t<\/div>\n\t\t<\/div>\n\t\t\t\t\t<\/div>\n\t\t<\/section>\n\t\t\t\t<section class=\"elementor-section elementor-top-section elementor-element elementor-element-ba9f162 elementor-section-boxed elementor-section-height-default elementor-section-height-default\" data-id=\"ba9f162\" data-element_type=\"section\">\n\t\t\t\t\t\t<div class=\"elementor-container elementor-column-gap-no\">\n\t\t\t\t\t<div class=\"elementor-column elementor-col-50 elementor-top-column elementor-element elementor-element-4d85d14\" data-id=\"4d85d14\" data-element_type=\"column\">\n\t\t\t<div class=\"elementor-widget-wrap elementor-element-populated\">\n\t\t\t\t\t\t<div class=\"elementor-element elementor-element-3a84d20 elementor-widget elementor-widget-text-editor\" data-id=\"3a84d20\" data-element_type=\"widget\" data-widget_type=\"text-editor.default\">\n\t\t\t\t<div class=\"elementor-widget-container\">\n\t\t\t\t\t\t\t<p>Noch Fragen?<\/p>\t\t\t\t\t\t<\/div>\n\t\t\t\t<\/div>\n\t\t\t\t<div class=\"elementor-element elementor-element-57e4d83 elementor-widget elementor-widget-text-editor\" data-id=\"57e4d83\" data-element_type=\"widget\" data-widget_type=\"text-editor.default\">\n\t\t\t\t<div class=\"elementor-widget-container\">\n\t\t\t\t\t\t\t<p>Wir beraten Sie gerne<\/p>\t\t\t\t\t\t<\/div>\n\t\t\t\t<\/div>\n\t\t\t\t<div class=\"elementor-element elementor-element-9599f75 elementor-widget elementor-widget-text-editor\" data-id=\"9599f75\" data-element_type=\"widget\" data-widget_type=\"text-editor.default\">\n\t\t\t\t<div class=\"elementor-widget-container\">\n\t\t\t\t\t\t\t<p>Telefon\u00a0 \u00a0 07838. 9678-0<br \/>Fax\u00a0 \u00a0 \u00a0 \u00a0 \u00a0 \u00a007838. 9678-091<br \/>E-mail\u00a0 \u00a0 \u00a0 <a href=\"mailto:winkelwald@winkelwaldgruppe.de\">winkelwald@winkelwaldgruppe.de<\/a><\/p><p>Im Dorf 5<br \/>77787 Nordrach<\/p>\t\t\t\t\t\t<\/div>\n\t\t\t\t<\/div>\n\t\t\t\t\t<\/div>\n\t\t<\/div>\n\t\t\t\t<div class=\"elementor-column elementor-col-50 elementor-top-column elementor-element elementor-element-9b660f2\" data-id=\"9b660f2\" data-element_type=\"column\">\n\t\t\t<div class=\"elementor-widget-wrap elementor-element-populated\">\n\t\t\t\t\t\t<div class=\"elementor-element elementor-element-586f5ef elementor-widget elementor-widget-image\" data-id=\"586f5ef\" data-element_type=\"widget\" data-widget_type=\"image.default\">\n\t\t\t\t<div class=\"elementor-widget-container\">\n\t\t\t\t\t\t\t\t\t\t\t\t\t<img loading=\"lazy\" decoding=\"async\" width=\"937\" height=\"1183\" src=\"https:\/\/seniorenzentrum-nordrach.winkelwaldgruppe.de\/wp-content\/uploads\/sites\/4\/2023\/05\/Krankenschwester_v2.png\" class=\"attachment-2048x2048 size-2048x2048 wp-image-953\" alt=\"\" srcset=\"https:\/\/seniorenzentrum-nordrach.winkelwaldgruppe.de\/wp-content\/uploads\/sites\/4\/2023\/05\/Krankenschwester_v2.png 937w, https:\/\/seniorenzentrum-nordrach.winkelwaldgruppe.de\/wp-content\/uploads\/sites\/4\/2023\/05\/Krankenschwester_v2-238x300.png 238w, https:\/\/seniorenzentrum-nordrach.winkelwaldgruppe.de\/wp-content\/uploads\/sites\/4\/2023\/05\/Krankenschwester_v2-811x1024.png 811w, https:\/\/seniorenzentrum-nordrach.winkelwaldgruppe.de\/wp-content\/uploads\/sites\/4\/2023\/05\/Krankenschwester_v2-768x970.png 768w\" sizes=\"(max-width: 937px) 100vw, 937px\" \/>\t\t\t\t\t\t\t\t\t\t\t\t\t<\/div>\n\t\t\t\t<\/div>\n\t\t\t\t\t<\/div>\n\t\t<\/div>\n\t\t\t\t\t<\/div>\n\t\t<\/section>\n\t\t\t\t<\/div>\n\t\t","protected":false},"excerpt":{"rendered":"<p>Herzlich Willkommen &#8222;Seniorenzentrum am Winkelwald&#8220; Previous slide Next slide Herzlich Willkommen Previous slide Next slide &#8222;Leistungen&#8220; Langzeitpflege, Kurzzeitpflege Hier Klicken &#8222;Karriere&#8220; Mit uns finden Sie den Weg\u00a0zum Erfolg Hier Klicken Gut versorgt in Nordrach! Das Pflegeheim hat eine direkte Anbindung an die Winkelwaldklinik. Hier bieten sich Entspannungsm\u00f6glichkeiten im Wald und traumhafte Naturaussichten. Als Luftkurort ist [&hellip;]<\/p>\n","protected":false},"author":5,"featured_media":0,"parent":0,"menu_order":0,"comment_status":"closed","ping_status":"closed","template":"elementor_header_footer","meta":{"footnotes":""},"yoast_head":"<!-- This site is optimized with the Yoast SEO plugin v22.8 - https:\/\/yoast.com\/wordpress\/plugins\/seo\/ -->\n<title>Startseite - Seniorenzentrum am Winkelwald Nordrach<\/title>\n<meta name=\"description\" content=\"Gemeinsam statt einsam. Unser Seniorenzentrum am Winkelwald Nordrach liegt in bester Lage. Hier f\u00fchlen sich Ihre Angeh\u00f6rigen wohl.\" \/>\n<meta name=\"robots\" content=\"index, follow, max-snippet:-1, max-image-preview:large, max-video-preview:-1\" \/>\n<link rel=\"canonical\" href=\"https:\/\/seniorenzentrum-nordrach.winkelwaldgruppe.de\/\" \/>\n<meta property=\"og:locale\" content=\"de_DE\" \/>\n<meta property=\"og:type\" content=\"article\" \/>\n<meta property=\"og:title\" content=\"Startseite - Seniorenzentrum am Winkelwald Nordrach\" \/>\n<meta property=\"og:description\" content=\"Gemeinsam statt einsam. Unser Seniorenzentrum am Winkelwald Nordrach liegt in bester Lage. Hier f\u00fchlen sich Ihre Angeh\u00f6rigen wohl.\" \/>\n<meta property=\"og:url\" content=\"https:\/\/seniorenzentrum-nordrach.winkelwaldgruppe.de\/\" \/>\n<meta property=\"og:site_name\" content=\"Seniorenzentrum am Winkelwald Nordrach\" \/>\n<meta property=\"article:modified_time\" content=\"2024-09-09T09:45:25+00:00\" \/>\n<meta property=\"og:image\" content=\"https:\/\/seniorenzentrum-nordrach.winkelwaldgruppe.de\/wp-content\/uploads\/sites\/4\/2023\/03\/PflegeInNordrach-Kopie-2048x629.png\" \/>\n<meta name=\"twitter:card\" content=\"summary_large_image\" \/>\n<meta name=\"twitter:label1\" content=\"Gesch\u00e4tzte Lesezeit\" \/>\n\t<meta name=\"twitter:data1\" content=\"7\u00a0Minuten\" \/>\n<script type=\"application\/ld+json\" class=\"yoast-schema-graph\">{\"@context\":\"https:\/\/schema.org\",\"@graph\":[{\"@type\":\"WebPage\",\"@id\":\"https:\/\/seniorenzentrum-nordrach.winkelwaldgruppe.de\/\",\"url\":\"https:\/\/seniorenzentrum-nordrach.winkelwaldgruppe.de\/\",\"name\":\"Startseite - Seniorenzentrum am Winkelwald Nordrach\",\"isPartOf\":{\"@id\":\"https:\/\/seniorenzentrum-nordrach.winkelwaldgruppe.de\/#website\"},\"primaryImageOfPage\":{\"@id\":\"https:\/\/seniorenzentrum-nordrach.winkelwaldgruppe.de\/#primaryimage\"},\"image\":{\"@id\":\"https:\/\/seniorenzentrum-nordrach.winkelwaldgruppe.de\/#primaryimage\"},\"thumbnailUrl\":\"https:\/\/seniorenzentrum-nordrach.winkelwaldgruppe.de\/wp-content\/uploads\/sites\/4\/2023\/03\/PflegeInNordrach-Kopie-2048x629.png\",\"datePublished\":\"2023-03-08T12:21:37+00:00\",\"dateModified\":\"2024-09-09T09:45:25+00:00\",\"description\":\"Gemeinsam statt einsam. Unser Seniorenzentrum am Winkelwald Nordrach liegt in bester Lage. Hier f\u00fchlen sich Ihre Angeh\u00f6rigen wohl.\",\"breadcrumb\":{\"@id\":\"https:\/\/seniorenzentrum-nordrach.winkelwaldgruppe.de\/#breadcrumb\"},\"inLanguage\":\"de\",\"potentialAction\":[{\"@type\":\"ReadAction\",\"target\":[\"https:\/\/seniorenzentrum-nordrach.winkelwaldgruppe.de\/\"]}]},{\"@type\":\"ImageObject\",\"inLanguage\":\"de\",\"@id\":\"https:\/\/seniorenzentrum-nordrach.winkelwaldgruppe.de\/#primaryimage\",\"url\":\"https:\/\/seniorenzentrum-nordrach.winkelwaldgruppe.de\/wp-content\/uploads\/sites\/4\/2023\/03\/PflegeInNordrach-Kopie-2048x629.png\",\"contentUrl\":\"https:\/\/seniorenzentrum-nordrach.winkelwaldgruppe.de\/wp-content\/uploads\/sites\/4\/2023\/03\/PflegeInNordrach-Kopie-2048x629.png\"},{\"@type\":\"BreadcrumbList\",\"@id\":\"https:\/\/seniorenzentrum-nordrach.winkelwaldgruppe.de\/#breadcrumb\",\"itemListElement\":[{\"@type\":\"ListItem\",\"position\":1,\"name\":\"Startseite\",\"item\":\"https:\/\/seniorenzentrum-nordrach.winkelwaldgruppe.de\/\"},{\"@type\":\"ListItem\",\"position\":2,\"name\":\"Startseite\"}]},{\"@type\":\"WebSite\",\"@id\":\"https:\/\/seniorenzentrum-nordrach.winkelwaldgruppe.de\/#website\",\"url\":\"https:\/\/seniorenzentrum-nordrach.winkelwaldgruppe.de\/\",\"name\":\"Seniorenzentrum am Winkelwald Nordrach\",\"description\":\"\",\"publisher\":{\"@id\":\"https:\/\/seniorenzentrum-nordrach.winkelwaldgruppe.de\/#organization\"},\"potentialAction\":[{\"@type\":\"SearchAction\",\"target\":{\"@type\":\"EntryPoint\",\"urlTemplate\":\"https:\/\/seniorenzentrum-nordrach.winkelwaldgruppe.de\/?s={search_term_string}\"},\"query-input\":\"required name=search_term_string\"}],\"inLanguage\":\"de\"},{\"@type\":\"Organization\",\"@id\":\"https:\/\/seniorenzentrum-nordrach.winkelwaldgruppe.de\/#organization\",\"name\":\"Seniorenzentrum am Winkelwald Nordrach\",\"url\":\"https:\/\/seniorenzentrum-nordrach.winkelwaldgruppe.de\/\",\"logo\":{\"@type\":\"ImageObject\",\"inLanguage\":\"de\",\"@id\":\"https:\/\/seniorenzentrum-nordrach.winkelwaldgruppe.de\/#\/schema\/logo\/image\/\",\"url\":\"https:\/\/seniorenzentrum-nordrach.winkelwaldgruppe.de\/wp-content\/uploads\/sites\/4\/2023\/02\/Seniorenzentrum-Winkelwald-Nordrach-quer-1.svg\",\"contentUrl\":\"https:\/\/seniorenzentrum-nordrach.winkelwaldgruppe.de\/wp-content\/uploads\/sites\/4\/2023\/02\/Seniorenzentrum-Winkelwald-Nordrach-quer-1.svg\",\"width\":1951,\"height\":458,\"caption\":\"Seniorenzentrum am Winkelwald Nordrach\"},\"image\":{\"@id\":\"https:\/\/seniorenzentrum-nordrach.winkelwaldgruppe.de\/#\/schema\/logo\/image\/\"}}]}<\/script>\n<!-- \/ Yoast SEO plugin. -->","yoast_head_json":{"title":"Startseite - Seniorenzentrum am Winkelwald Nordrach","description":"Gemeinsam statt einsam. Unser Seniorenzentrum am Winkelwald Nordrach liegt in bester Lage. Hier f\u00fchlen sich Ihre Angeh\u00f6rigen wohl.","robots":{"index":"index","follow":"follow","max-snippet":"max-snippet:-1","max-image-preview":"max-image-preview:large","max-video-preview":"max-video-preview:-1"},"canonical":"https:\/\/seniorenzentrum-nordrach.winkelwaldgruppe.de\/","og_locale":"de_DE","og_type":"article","og_title":"Startseite - Seniorenzentrum am Winkelwald Nordrach","og_description":"Gemeinsam statt einsam. Unser Seniorenzentrum am Winkelwald Nordrach liegt in bester Lage. Hier f\u00fchlen sich Ihre Angeh\u00f6rigen wohl.","og_url":"https:\/\/seniorenzentrum-nordrach.winkelwaldgruppe.de\/","og_site_name":"Seniorenzentrum am Winkelwald Nordrach","article_modified_time":"2024-09-09T09:45:25+00:00","og_image":[{"url":"https:\/\/seniorenzentrum-nordrach.winkelwaldgruppe.de\/wp-content\/uploads\/sites\/4\/2023\/03\/PflegeInNordrach-Kopie-2048x629.png"}],"twitter_card":"summary_large_image","twitter_misc":{"Gesch\u00e4tzte Lesezeit":"7\u00a0Minuten"},"schema":{"@context":"https:\/\/schema.org","@graph":[{"@type":"WebPage","@id":"https:\/\/seniorenzentrum-nordrach.winkelwaldgruppe.de\/","url":"https:\/\/seniorenzentrum-nordrach.winkelwaldgruppe.de\/","name":"Startseite - Seniorenzentrum am Winkelwald Nordrach","isPartOf":{"@id":"https:\/\/seniorenzentrum-nordrach.winkelwaldgruppe.de\/#website"},"primaryImageOfPage":{"@id":"https:\/\/seniorenzentrum-nordrach.winkelwaldgruppe.de\/#primaryimage"},"image":{"@id":"https:\/\/seniorenzentrum-nordrach.winkelwaldgruppe.de\/#primaryimage"},"thumbnailUrl":"https:\/\/seniorenzentrum-nordrach.winkelwaldgruppe.de\/wp-content\/uploads\/sites\/4\/2023\/03\/PflegeInNordrach-Kopie-2048x629.png","datePublished":"2023-03-08T12:21:37+00:00","dateModified":"2024-09-09T09:45:25+00:00","description":"Gemeinsam statt einsam. Unser Seniorenzentrum am Winkelwald Nordrach liegt in bester Lage. Hier f\u00fchlen sich Ihre Angeh\u00f6rigen wohl.","breadcrumb":{"@id":"https:\/\/seniorenzentrum-nordrach.winkelwaldgruppe.de\/#breadcrumb"},"inLanguage":"de","potentialAction":[{"@type":"ReadAction","target":["https:\/\/seniorenzentrum-nordrach.winkelwaldgruppe.de\/"]}]},{"@type":"ImageObject","inLanguage":"de","@id":"https:\/\/seniorenzentrum-nordrach.winkelwaldgruppe.de\/#primaryimage","url":"https:\/\/seniorenzentrum-nordrach.winkelwaldgruppe.de\/wp-content\/uploads\/sites\/4\/2023\/03\/PflegeInNordrach-Kopie-2048x629.png","contentUrl":"https:\/\/seniorenzentrum-nordrach.winkelwaldgruppe.de\/wp-content\/uploads\/sites\/4\/2023\/03\/PflegeInNordrach-Kopie-2048x629.png"},{"@type":"BreadcrumbList","@id":"https:\/\/seniorenzentrum-nordrach.winkelwaldgruppe.de\/#breadcrumb","itemListElement":[{"@type":"ListItem","position":1,"name":"Startseite","item":"https:\/\/seniorenzentrum-nordrach.winkelwaldgruppe.de\/"},{"@type":"ListItem","position":2,"name":"Startseite"}]},{"@type":"WebSite","@id":"https:\/\/seniorenzentrum-nordrach.winkelwaldgruppe.de\/#website","url":"https:\/\/seniorenzentrum-nordrach.winkelwaldgruppe.de\/","name":"Seniorenzentrum am Winkelwald Nordrach","description":"","publisher":{"@id":"https:\/\/seniorenzentrum-nordrach.winkelwaldgruppe.de\/#organization"},"potentialAction":[{"@type":"SearchAction","target":{"@type":"EntryPoint","urlTemplate":"https:\/\/seniorenzentrum-nordrach.winkelwaldgruppe.de\/?s={search_term_string}"},"query-input":"required name=search_term_string"}],"inLanguage":"de"},{"@type":"Organization","@id":"https:\/\/seniorenzentrum-nordrach.winkelwaldgruppe.de\/#organization","name":"Seniorenzentrum am Winkelwald Nordrach","url":"https:\/\/seniorenzentrum-nordrach.winkelwaldgruppe.de\/","logo":{"@type":"ImageObject","inLanguage":"de","@id":"https:\/\/seniorenzentrum-nordrach.winkelwaldgruppe.de\/#\/schema\/logo\/image\/","url":"https:\/\/seniorenzentrum-nordrach.winkelwaldgruppe.de\/wp-content\/uploads\/sites\/4\/2023\/02\/Seniorenzentrum-Winkelwald-Nordrach-quer-1.svg","contentUrl":"https:\/\/seniorenzentrum-nordrach.winkelwaldgruppe.de\/wp-content\/uploads\/sites\/4\/2023\/02\/Seniorenzentrum-Winkelwald-Nordrach-quer-1.svg","width":1951,"height":458,"caption":"Seniorenzentrum am Winkelwald Nordrach"},"image":{"@id":"https:\/\/seniorenzentrum-nordrach.winkelwaldgruppe.de\/#\/schema\/logo\/image\/"}}]}},"_links":{"self":[{"href":"https:\/\/seniorenzentrum-nordrach.winkelwaldgruppe.de\/index.php?rest_route=\/wp\/v2\/pages\/54"}],"collection":[{"href":"https:\/\/seniorenzentrum-nordrach.winkelwaldgruppe.de\/index.php?rest_route=\/wp\/v2\/pages"}],"about":[{"href":"https:\/\/seniorenzentrum-nordrach.winkelwaldgruppe.de\/index.php?rest_route=\/wp\/v2\/types\/page"}],"author":[{"embeddable":true,"href":"https:\/\/seniorenzentrum-nordrach.winkelwaldgruppe.de\/index.php?rest_route=\/wp\/v2\/users\/5"}],"replies":[{"embeddable":true,"href":"https:\/\/seniorenzentrum-nordrach.winkelwaldgruppe.de\/index.php?rest_route=%2Fwp%2Fv2%2Fcomments&post=54"}],"version-history":[{"count":528,"href":"https:\/\/seniorenzentrum-nordrach.winkelwaldgruppe.de\/index.php?rest_route=\/wp\/v2\/pages\/54\/revisions"}],"predecessor-version":[{"id":1021,"href":"https:\/\/seniorenzentrum-nordrach.winkelwaldgruppe.de\/index.php?rest_route=\/wp\/v2\/pages\/54\/revisions\/1021"}],"wp:attachment":[{"href":"https:\/\/seniorenzentrum-nordrach.winkelwaldgruppe.de\/index.php?rest_route=%2Fwp%2Fv2%2Fmedia&parent=54"}],"curies":[{"name":"wp","href":"https:\/\/api.w.org\/{rel}","templated":true}]}}